{"id":41528,"date":"2024-09-11T11:46:13","date_gmt":"2024-09-11T09:46:13","guid":{"rendered":"https:\/\/www.optic2000.ch\/accueil\/"},"modified":"2026-07-01T08:40:51","modified_gmt":"2026-07-01T06:40:51","slug":"accueil","status":"publish","type":"page","link":"https:\/\/www.optic2000.ch\/de\/","title":{"rendered":"Startseite"},"content":{"rendered":"<div id='block_6a7bb3342064b' class='wp-block-optic-banner-wrap alignfull '>\n<div class=\"wp-block-optic-banner alignfull is-maxwidth-alignfull is-contentalign-bottom  is-constrains is-height-fullheight is-overlaidonmenu is-animated-margin is-fullheight\"><div class=\"wp-block-optic-banner-container\"><div class=\"wp-block-optic-banner-background\"><video class=\"wp-block-optic-video-selector\" playsinline autoplay loop muted preload=\"true\"><source src=\"https:\/\/www.optic2000.ch\/wp-content\/uploads\/2025\/06\/optic2000-accueil-video-ete.mp4\" data-mobile-src=\"https:\/\/www.optic2000.ch\/wp-content\/uploads\/2025\/06\/optic2000-accueil-video-ete-mobile-.mp4\"\/><\/video><\/div><div class=\"wp-block-optic-banner-content\"><div class=\"wp-block-optic-banner-content-inner\"><div class=\"wp-block-optic-banner-content-inner-container\">\n<h1 class=\"wp-block-heading has-text-align-center has-theme-white-color has-text-color has-link-color has-large-font-size wp-elements-79d49019ee23a11865d03bf8e28808f2\"><strong>Entdecken Sie die Sommertrends<\/strong><\/h1>\n\n\n            <div class=\"wp-block-habefast-advanced-layout\">\r\n                <div class=\"wp-block-habefast-advanced-layout-container is-layout-constrained\"  style='--_hfal-l-d-lg:block;--_hfal-l-d-md:block;--_hfal-l-d-sm:block;'>\r\n                    \n            <div style=\"--_hfal-cs-j-lg:center;--_hfal-cs-w-lg:wrap;--_hfal-cs-cw-lg:49%;--_hfal-cs-j-md:center;--_hfal-cs-j-sm:center;--_hfal-cs-w-md:wrap;--_hfal-cs-w-sm:wrap;--_hfal-cs-cw-md:49%;--_hfal-cs-cw-sm:49%\" class=\"wp-block-habefast-advanced-layout-cols\">\r\n                <div class=\"wp-block-habefast-advanced-layout-cols-flex\"> \n            <div style=\"--_hfal-c-d-lg:flex;--_hfal-c-w-lg:49%;--_hfal-c-o-lg:0;--_hfal-c-w-sm:100%;--_hfal-c-d-sm:flex;--_hfal-c-o-sm:0;--_hfal-c-d-md:flex;--_hfal-c-w-md:50%;--_hfal-c-o-md:0\" class=\"wp-block-habefast-advanced-layout-col\">\r\n                <div class=\"wp-block-habefast-advanced-layout-col-container is-layout-flow\">\r\n                    \n            <div class=\"wp-block-habefast-advanced-layout-group is-layout-constrained wp-block-habefast-advanced-layout-group-is-layout-constrained\">\r\n                <div class=\"wp-block-habefast-advanced-group-container is-style- is-layout-constrained\"  style='--_hfal-cg-d-lg:flex;--_hfal-cg-d-md:flex;--_hfal-cg-d-sm:flex;'>\r\n                                        <div class=\"wp-block-habefast-advanced-group-inner is-layout-flow\">\r\n                        \n\n<div class=\"wp-block-buttons is-horizontal is-content-justification-center is-layout-flex wp-container-core-buttons-is-layout-5e203e53 wp-block-buttons-is-layout-flex\">\n<div class=\"wp-block-button is-style-white\"><a class=\"wp-block-button__link wp-element-button\" href=\"https:\/\/www.optic2000.ch\/de\/katalog\/\">Auswah l ansehen<\/a><\/div>\n<\/div>\n\n                    <\/div>\r\n                <\/div>\r\n            <\/div>\r\n            \n                <\/div>\r\n            <\/div>\r\n            \n                <\/div>\r\n            <\/div>\r\n            \n                <\/div>\r\n            <\/div>\r\n            <\/div><\/div><\/div><\/div><\/div>\n<\/div>\n\n      <div style=\"--_hfal-s-h-lg:var(--wp--preset--spacing--30)\" class=\"wp-block-habefast-spacer\"><\/div>\r\n      \n\n\n<div class=\"wp-block-buttons is-layout-flex wp-block-buttons-is-layout-flex\"><\/div>\n\n\n<div id='block_6a7bb33420c9d' class='wp-block-optic-banner-wrap alignfull '>\n<div class=\"wp-block-optic-banner alignfull is-maxwidth-alignwide is-contentalign-bottom  is-height-normal is-shadow-inner hf_animated fade_bottom default\" style=\"--mobilePosX:50%;--mobilePosY:3px\"><div class=\"wp-block-optic-banner-container\"><div class=\"wp-block-optic-banner-background\"><div class=\"wp-block-optic-image-selector  optic-img-render-mobile\"><img src=\"https:\/\/www.optic2000.ch\/wp-content\/uploads\/2026\/04\/o2-hp-bandeau-1440x545-2@2x-scaled.jpg\" alt=\"O2 Hp Bandeau 1440x545 2\" srcset=\"https:\/\/www.optic2000.ch\/wp-content\/uploads\/2026\/04\/o2-hp-bandeau-1440x545-2@2x-150x150.jpg 150w, https:\/\/www.optic2000.ch\/wp-content\/uploads\/2026\/04\/o2-hp-bandeau-1440x545-2@2x-300x114.jpg 300w, https:\/\/www.optic2000.ch\/wp-content\/uploads\/2026\/04\/o2-hp-bandeau-1440x545-2@2x-1024x388.jpg 640w, https:\/\/www.optic2000.ch\/wp-content\/uploads\/2026\/04\/o2-hp-bandeau-1440x545-2@2x-scaled.jpg 2560w\" sizes=\"(max-width: 150px) 150px, (max-width: 300px) 300px, (max-width: 640px) 640px, (max-width: 2560px) 2560px, 2560px\" loading=\"lazy\" class=\"wp-block-optic-image-selector-img  img-is-desktop\" decoding=\"async\"\/><img data-src=\"https:\/\/www.optic2000.ch\/wp-content\/uploads\/2026\/04\/o2-hp-bandeau-390x545-2@2x.jpg\" alt=\"O2 Hp Bandeau 390x545 2\" data-srcset=\"https:\/\/www.optic2000.ch\/wp-content\/uploads\/2026\/04\/o2-hp-bandeau-390x545-2@2x-150x150.jpg 150w, https:\/\/www.optic2000.ch\/wp-content\/uploads\/2026\/04\/o2-hp-bandeau-390x545-2@2x-215x300.jpg 215w, https:\/\/www.optic2000.ch\/wp-content\/uploads\/2026\/04\/o2-hp-bandeau-390x545-2@2x-733x1024.jpg 640w, https:\/\/www.optic2000.ch\/wp-content\/uploads\/2026\/04\/o2-hp-bandeau-390x545-2@2x.jpg 780w\" sizes=\"(max-width: 150px) 150px, (max-width: 215px) 215px, (max-width: 640px) 640px, (max-width: 780px) 780px, 780px\" loading=\"lazy\" class=\"wp-block-optic-image-selector-img  img-is-mobile\" decoding=\"async\" style=\"display:none\"\/><\/div><\/div><div class=\"wp-block-optic-banner-content\"><div class=\"wp-block-optic-banner-content-inner\"><div class=\"wp-block-optic-banner-content-inner-container\">\n<h2 class=\"wp-block-heading has-text-align-left has-theme-white-color has-text-color has-link-color has-large-font-size wp-elements-5851b27945e59dcecd2717e1d8f8912f\" style=\"margin-top:0px;margin-bottom:0px;padding-bottom:0;letter-spacing:0px\">Unsere Angebote<\/h2>\n\n\n\n<p class=\"has-text-align-left has-theme-white-color has-text-color has-link-color wp-elements-9a0c4cf612153f2abeb03b415ee4650c wp-block-paragraph\" style=\"margin-top:0;margin-right:0;margin-bottom:0;margin-left:0;padding-top:0;padding-right:0;padding-bottom:0;padding-left:0\">Verpassen Sie keine Vorteile von Optic 2000<\/p>\n\n\n\n<div class=\"wp-block-buttons is-content-justification-left is-layout-flex wp-container-core-buttons-is-layout-a768b15a wp-block-buttons-is-layout-flex\">\n<div class=\"wp-block-button is-style-white\"><a class=\"wp-block-button__link wp-element-button\" href=\"https:\/\/www.optic2000.ch\/de\/unsere-angebote\/\">&nbsp;Entdecken Sie unsere Angebote<\/a><\/div>\n<\/div>\n<\/div><\/div><\/div><\/div><\/div>\n<\/div>\n\n      <div style=\"--_hfal-s-h-lg:var(--wp--preset--spacing--50)\" class=\"wp-block-habefast-spacer\"><\/div>\r\n      \n\n            <div class=\"alignwide wp-block-habefast-advanced-layout-group is-layout-constrained wp-block-habefast-advanced-layout-group-is-layout-constrained\" id=\"vignettes-vision\">\r\n                <div class=\"wp-block-habefast-advanced-group-container is-style- is-layout-constrained alignwide\"  style='--_hfal-cg-d-lg:flex;--_hfal-cg-d-md:flex;--_hfal-cg-d-sm:flex;'>\r\n                                        <div class=\"wp-block-habefast-advanced-group-inner is-layout-flow\">\r\n                        \n\n<h2 class=\"wp-block-heading has-text-align-center  hf_animated fade_bottom default\" style=\"padding-bottom:var(--wp--preset--spacing--10);letter-spacing:4.8px\">VISION &amp; STYLE<\/h2>\n\n\n\n<div class=\"wp-block-optic-vignettes is-style-bottom-left is-height-\"><div class=\"wp-block-optic-vignettes-container\"><div class=\"wp-block-optic-vignettes-content\">\n<div class=\"wp-block-optic-vignette  hf_animated fade_bottom default \"><a href=\"https:\/\/www.optic2000.ch\/de\/katalog\/\"><div class=\"wp-block-optic-vignette-container\"><div class=\"wp-block-optic-image-selector  \"><img src=\"https:\/\/www.optic2000.ch\/wp-content\/uploads\/2025\/06\/o2-elements-siteweb-ete-2-452-x-506-1.jpg\" alt=\"O2 Elements Siteweb Ete 2 452 X 506\" srcset=\"https:\/\/www.optic2000.ch\/wp-content\/uploads\/2025\/06\/o2-elements-siteweb-ete-2-452-x-506-1-150x150.jpg 150w, https:\/\/www.optic2000.ch\/wp-content\/uploads\/2025\/06\/o2-elements-siteweb-ete-2-452-x-506-1-268x300.jpg 268w, https:\/\/www.optic2000.ch\/wp-content\/uploads\/2025\/06\/o2-elements-siteweb-ete-2-452-x-506-1.jpg 603w\" sizes=\"(max-width: 150px) 150px, (max-width: 268px) 268px, (max-width: 603px) 603px, 603px\" loading=\"lazy\" class=\"wp-block-optic-image-selector-img  \" decoding=\"async\"\/><\/div><div class=\"wp-block-optic-vignette-content\"><div class=\"wp-block-optic-vignette-content-inner\">\n<h3 class=\"wp-block-heading has-text-align-center has-theme-white-color has-text-color has-link-color wp-elements-08c049fdebb8668447b0fa3f39507060\">Brillen<\/h3>\n<\/div><\/div><\/div><\/a><\/div>\n\n\n\n<div class=\"wp-block-optic-vignette  hf_animated fade_bottom d-100ms default \"><a href=\"https:\/\/www.optic2000.ch\/de\/katalog\/\"><div class=\"wp-block-optic-vignette-container\"><div class=\"wp-block-optic-image-selector  \"><img src=\"https:\/\/www.optic2000.ch\/wp-content\/uploads\/2025\/06\/o2-elements-siteweb-ete-2-452-x-5062-1.jpg\" alt=\"O2 Elements Siteweb Ete 2 452 X 5062\" srcset=\"https:\/\/www.optic2000.ch\/wp-content\/uploads\/2025\/06\/o2-elements-siteweb-ete-2-452-x-5062-1-150x150.jpg 150w, https:\/\/www.optic2000.ch\/wp-content\/uploads\/2025\/06\/o2-elements-siteweb-ete-2-452-x-5062-1-268x300.jpg 268w, https:\/\/www.optic2000.ch\/wp-content\/uploads\/2025\/06\/o2-elements-siteweb-ete-2-452-x-5062-1.jpg 603w\" sizes=\"(max-width: 150px) 150px, (max-width: 268px) 268px, (max-width: 603px) 603px, 603px\" loading=\"lazy\" class=\"wp-block-optic-image-selector-img  \" decoding=\"async\"\/><\/div><div class=\"wp-block-optic-vignette-content\"><div class=\"wp-block-optic-vignette-content-inner\">\n<h3 class=\"wp-block-heading has-text-align-center has-theme-white-color has-text-color has-link-color wp-elements-8329e20afbef5ce57276fb3bfd574c16\">Sonnenbrillen<\/h3>\n<\/div><\/div><\/div><\/a><\/div>\n\n\n\n<div class=\"wp-block-optic-vignette  hf_animated fade_bottom d-200ms default \"><a href=\"https:\/\/www.optic2000.ch\/de\/katalog\/\"><div class=\"wp-block-optic-vignette-container\"><div class=\"wp-block-optic-image-selector  \"><img src=\"https:\/\/www.optic2000.ch\/wp-content\/uploads\/2025\/12\/optic-2000-homepage-visuels-lentilles-catalogue.jpg\" alt=\"Optic 2000 Homepage Visuels Lentilles Catalogue\" srcset=\"https:\/\/www.optic2000.ch\/wp-content\/uploads\/2025\/12\/optic-2000-homepage-visuels-lentilles-catalogue-150x150.jpg 150w, https:\/\/www.optic2000.ch\/wp-content\/uploads\/2025\/12\/optic-2000-homepage-visuels-lentilles-catalogue-268x300.jpg 268w, https:\/\/www.optic2000.ch\/wp-content\/uploads\/2025\/12\/optic-2000-homepage-visuels-lentilles-catalogue-914x1024.jpg 640w, https:\/\/www.optic2000.ch\/wp-content\/uploads\/2025\/12\/optic-2000-homepage-visuels-lentilles-catalogue.jpg 1152w\" sizes=\"(max-width: 150px) 150px, (max-width: 268px) 268px, (max-width: 640px) 640px, (max-width: 1152px) 1152px, 1152px\" loading=\"lazy\" class=\"wp-block-optic-image-selector-img  \" decoding=\"async\"\/><\/div><div class=\"wp-block-optic-vignette-content\"><div class=\"wp-block-optic-vignette-content-inner\">\n<h3 class=\"wp-block-heading has-text-align-center has-theme-white-color has-text-color has-link-color wp-elements-a7cb45e83ddad03c1cb986be2da1ee56\">Kontaktlinsen<\/h3>\n<\/div><\/div><\/div><\/a><\/div>\n<\/div><\/div><\/div>\n\n                    <\/div>\r\n                <\/div>\r\n            <\/div>\r\n            \n\n      <div style=\"--_hfal-s-h-lg:var(--wp--preset--spacing--80)\" class=\"wp-block-habefast-spacer\"><\/div>\r\n      \n\n\n<div class=\"wp-block-optic-hero-products-v2 alignfull\" style=\"--mobilePosX:75%;--mobilePosY:50%\"><div class=\"wp-block-optic-hero-products-container is-animated-scale-parent\"><div class=\"wp-block-optic-image-selector  \"><img src=\"https:\/\/www.optic2000.ch\/wp-content\/uploads\/2026\/06\/o2-hp-bandeau-1440x630-5.jpg\" alt=\"O2 Hp Bandeau 1440x630 5\" srcset=\"https:\/\/www.optic2000.ch\/wp-content\/uploads\/2026\/06\/o2-hp-bandeau-1440x630-5-150x150.jpg 150w, https:\/\/www.optic2000.ch\/wp-content\/uploads\/2026\/06\/o2-hp-bandeau-1440x630-5-300x131.jpg 300w, https:\/\/www.optic2000.ch\/wp-content\/uploads\/2026\/06\/o2-hp-bandeau-1440x630-5-1024x448.jpg 640w, https:\/\/www.optic2000.ch\/wp-content\/uploads\/2026\/06\/o2-hp-bandeau-1440x630-5.jpg 1440w\" sizes=\"(max-width: 150px) 150px, (max-width: 300px) 300px, (max-width: 640px) 640px, (max-width: 1440px) 1440px, 1440px\" loading=\"eager\" class=\"wp-block-optic-image-selector-img is-animated-scale \" decoding=\"async\"\/><\/div><div class=\"wp-block-optic-hero-products-wrapper\"><div class=\"wp-block-optic-hero-products-content\"><div class=\"is-layout-constrained wp-block-optic-hero-products-v2-is-layout-constrained\">\n<h2 class=\"wp-block-heading alignwide has-text-align-left has-theme-white-color has-text-color has-link-color has-large-font-size wp-elements-069dabd4963bb9c244fc0defe9f015bf\" style=\"padding-bottom:0;letter-spacing:0px\">Stil entdecken<\/h2>\n<\/div><\/div><div class=\"is-layout-constrained\">        <div class=\"wp-block-optic-hero-products-v2-products o-catalog is-new-catalog alignwide\">\n            <div class=\"wp-block-optic-hero-products-v2-products-row\">\n                                        <div class=\"wp-block-optic-hero-products-v2-products-item\">\n                            <div class=\"o-catalog-content-item-container has-second-img\">\n                                <div class=\"o-catalog-content-item-container-rel\">\n                                                                            <a href=\"https:\/\/www.optic2000.ch\/de\/katalog-produkt\/limless-lim2601-orange\/\">\n                                                                                    <div class=\"o-catalog-content-item-preview\">\n                                                                                            <div\n                                                    class=\"o-catalog-content-item-preview-images has-second-img\">\n                                                    <div class=\"o-catalog-content-item-preview-images-first\">\n                                                                        <img src=\"https:\/\/www.optic2000.ch\/wp-content\/uploads\/akeneo_products_images\/sizes\/804c9bb977989c00a5327624198f4efa43fd5ca4_03663234212433_LIM2601_ORANG_THREEQUARTER-1000.png\" alt=\"Limless LIM2601 Orange\" srcset=\"https:\/\/www.optic2000.ch\/wp-content\/uploads\/akeneo_products_images\/sizes\/804c9bb977989c00a5327624198f4efa43fd5ca4_03663234212433_LIM2601_ORANG_THREEQUARTER-1000.png 1000w\" sizes=\"(max-width: 800px) 800px\"\n                    decoding=\"async\" loading=\"lazy\">\n                                                                    <\/div>\n                                                                                                            <div class=\"o-catalog-content-item-preview-images-second\">\n                                                                            <img src=\"https:\/\/www.optic2000.ch\/wp-content\/uploads\/akeneo_products_images\/sizes\/5eb0a79542c9f48aaa74661f04fba7e519541791_03663234212433_LIM2601_ORANG_FACE-1000.png\" alt=\"Limless LIM2601 Orange\" srcset=\"https:\/\/www.optic2000.ch\/wp-content\/uploads\/akeneo_products_images\/sizes\/5eb0a79542c9f48aaa74661f04fba7e519541791_03663234212433_LIM2601_ORANG_FACE-1000.png 1000w\" sizes=\"(max-width: 800px) 800px\"\n                    decoding=\"async\" loading=\"lazy\">\n                                                                        <\/div>\n                                                                                                        <\/div>\n                                                        <div class=\"o-catalog-content-item-preview-actions-btn is-mobile\">\n                        <div class=\"o-catalog-content-item-preview-actions-btn-item\">\n                Herren            <\/div>\n                    <\/div>\n                                                <\/div>\n                                        <div class=\"o-catalog-content-item-content\">\n                                                                                        <div class=\"o-catalog-content-item-left\">\n                                                <div class=\"o-catalog-content-item-brand\">\n                                                    Limless                                                <\/div>\n                                                <div class=\"o-catalog-content-item-model\">\n                                                    LIM2601                                                <\/div>\n                                            <\/div>\n                                        <\/div>\n                                                                                <\/a>\n                                                                            <div class=\"o-catalog-content-item-preview-actions\">\n                                        <div class=\"o-catalog-content-item-preview-actions-icons\"><\/div>\n                                                <div class=\"o-catalog-content-item-preview-actions-btn \">\n                        <div class=\"o-catalog-content-item-preview-actions-btn-item\">\n                Herren            <\/div>\n                    <\/div>\n                                            <\/div>\n                                <\/div>\n                            <\/div>\n                        <\/div>\n                                                <div class=\"wp-block-optic-hero-products-v2-products-item\">\n                            <div class=\"o-catalog-content-item-container has-second-img\">\n                                <div class=\"o-catalog-content-item-container-rel\">\n                                                                            <a href=\"https:\/\/www.optic2000.ch\/de\/katalog-produkt\/vogue-eyewear-vo5562-noir\/\">\n                                                                                    <div class=\"o-catalog-content-item-preview\">\n                                                                                            <div\n                                                    class=\"o-catalog-content-item-preview-images has-second-img\">\n                                                    <div class=\"o-catalog-content-item-preview-images-first\">\n                                                                        <img src=\"https:\/\/www.optic2000.ch\/wp-content\/uploads\/akeneo_products_images\/sizes\/2c3dc22fb13b0050f248b660427f80f06fbbee17_08056262004210_VO5562_noir_THREEQUARTER-1000.png\" alt=\"Vogue Eyewear VO5562 Noir\" srcset=\"https:\/\/www.optic2000.ch\/wp-content\/uploads\/akeneo_products_images\/sizes\/2c3dc22fb13b0050f248b660427f80f06fbbee17_08056262004210_VO5562_noir_THREEQUARTER-1000.png 1000w\" sizes=\"(max-width: 800px) 800px\"\n                    decoding=\"async\" loading=\"lazy\">\n                                                                    <\/div>\n                                                                                                            <div class=\"o-catalog-content-item-preview-images-second\">\n                                                                            <img src=\"https:\/\/www.optic2000.ch\/wp-content\/uploads\/akeneo_products_images\/sizes\/721a2917c2ab68627829df16981bb05a48d7cae5_08056262004210_VO5562_noir_FACE-1000.png\" alt=\"Vogue Eyewear VO5562 Noir\" srcset=\"https:\/\/www.optic2000.ch\/wp-content\/uploads\/akeneo_products_images\/sizes\/721a2917c2ab68627829df16981bb05a48d7cae5_08056262004210_VO5562_noir_FACE-1000.png 1000w\" sizes=\"(max-width: 800px) 800px\"\n                    decoding=\"async\" loading=\"lazy\">\n                                                                        <\/div>\n                                                                                                        <\/div>\n                                                        <div class=\"o-catalog-content-item-preview-actions-btn is-mobile\">\n                        <div class=\"o-catalog-content-item-preview-actions-btn-item\">\n                Damen            <\/div>\n                    <\/div>\n                                                <\/div>\n                                        <div class=\"o-catalog-content-item-content\">\n                                                                                        <div class=\"o-catalog-content-item-left\">\n                                                <div class=\"o-catalog-content-item-brand\">\n                                                    Vogue Eyewear                                                <\/div>\n                                                <div class=\"o-catalog-content-item-model\">\n                                                    VO5562                                                <\/div>\n                                            <\/div>\n                                        <\/div>\n                                                                                <\/a>\n                                                                            <div class=\"o-catalog-content-item-preview-actions\">\n                                        <div class=\"o-catalog-content-item-preview-actions-icons\"><\/div>\n                                                <div class=\"o-catalog-content-item-preview-actions-btn \">\n                        <div class=\"o-catalog-content-item-preview-actions-btn-item\">\n                Damen            <\/div>\n                    <\/div>\n                                            <\/div>\n                                <\/div>\n                            <\/div>\n                        <\/div>\n                                                <div class=\"wp-block-optic-hero-products-v2-products-item\">\n                            <div class=\"o-catalog-content-item-container has-second-img\">\n                                <div class=\"o-catalog-content-item-container-rel\">\n                                                                            <a href=\"https:\/\/www.optic2000.ch\/de\/katalog-produkt\/maison-leo-ml2513-kaki\/\">\n                                                                                    <div class=\"o-catalog-content-item-preview\">\n                                                                                            <div\n                                                    class=\"o-catalog-content-item-preview-images has-second-img\">\n                                                    <div class=\"o-catalog-content-item-preview-images-first\">\n                                                                        <img src=\"https:\/\/www.optic2000.ch\/wp-content\/uploads\/akeneo_products_images\/sizes\/6d0fd9d28c9717c5cede82f450171692308abafb_03700904301391_ML2513_Kaki_THREEQUARTER-1000.png\" alt=\"Maison L\u00e9o ML2513 Kaki\" srcset=\"https:\/\/www.optic2000.ch\/wp-content\/uploads\/akeneo_products_images\/sizes\/6d0fd9d28c9717c5cede82f450171692308abafb_03700904301391_ML2513_Kaki_THREEQUARTER-1000.png 1000w\" sizes=\"(max-width: 800px) 800px\"\n                    decoding=\"async\" loading=\"lazy\">\n                                                                    <\/div>\n                                                                                                            <div class=\"o-catalog-content-item-preview-images-second\">\n                                                                            <img src=\"https:\/\/www.optic2000.ch\/wp-content\/uploads\/akeneo_products_images\/sizes\/d1846bc3cc400a83a669a879e9657ff1027bc4f9_03700904301391_ML2513_Kaki_FACE-1000.png\" alt=\"Maison L\u00e9o ML2513 Kaki\" srcset=\"https:\/\/www.optic2000.ch\/wp-content\/uploads\/akeneo_products_images\/sizes\/d1846bc3cc400a83a669a879e9657ff1027bc4f9_03700904301391_ML2513_Kaki_FACE-1000.png 1000w\" sizes=\"(max-width: 800px) 800px\"\n                    decoding=\"async\" loading=\"lazy\">\n                                                                        <\/div>\n                                                                                                        <\/div>\n                                                        <div class=\"o-catalog-content-item-preview-actions-btn is-mobile\">\n                        <div class=\"o-catalog-content-item-preview-actions-btn-item\">\n                Herren            <\/div>\n                    <\/div>\n                                                <\/div>\n                                        <div class=\"o-catalog-content-item-content\">\n                                                                                        <div class=\"o-catalog-content-item-left\">\n                                                <div class=\"o-catalog-content-item-brand\">\n                                                    Maison L\u00e9o                                                <\/div>\n                                                <div class=\"o-catalog-content-item-model\">\n                                                    ML2513                                                <\/div>\n                                            <\/div>\n                                        <\/div>\n                                                                                <\/a>\n                                                                            <div class=\"o-catalog-content-item-preview-actions\">\n                                        <div class=\"o-catalog-content-item-preview-actions-icons\"><\/div>\n                                                <div class=\"o-catalog-content-item-preview-actions-btn \">\n                        <div class=\"o-catalog-content-item-preview-actions-btn-item\">\n                Herren            <\/div>\n                    <\/div>\n                                            <\/div>\n                                <\/div>\n                            <\/div>\n                        <\/div>\n                                                <div class=\"wp-block-optic-hero-products-v2-products-item\">\n                            <div class=\"o-catalog-content-item-container has-second-img\">\n                                <div class=\"o-catalog-content-item-container-rel\">\n                                                                            <a href=\"https:\/\/www.optic2000.ch\/de\/katalog-produkt\/ibizcus-ibi2503-ecaille\/\">\n                                                                                    <div class=\"o-catalog-content-item-preview\">\n                                                                                            <div\n                                                    class=\"o-catalog-content-item-preview-images has-second-img\">\n                                                    <div class=\"o-catalog-content-item-preview-images-first\">\n                                                                        <img src=\"https:\/\/www.optic2000.ch\/wp-content\/uploads\/akeneo_products_images\/sizes\/a266028238093617fa0129fc289cd4f270c05bd6_03663234203905_IBI2503_Ecaille_THREEQUARTER-1000.png\" alt=\"Ibizcus IBI2503 Ecaille\" srcset=\"https:\/\/www.optic2000.ch\/wp-content\/uploads\/akeneo_products_images\/sizes\/a266028238093617fa0129fc289cd4f270c05bd6_03663234203905_IBI2503_Ecaille_THREEQUARTER-1000.png 1000w\" sizes=\"(max-width: 800px) 800px\"\n                    decoding=\"async\" loading=\"lazy\">\n                                                                    <\/div>\n                                                                                                            <div class=\"o-catalog-content-item-preview-images-second\">\n                                                                            <img src=\"https:\/\/www.optic2000.ch\/wp-content\/uploads\/akeneo_products_images\/sizes\/405a95ec681a7d5636cd0c195b6bf49163cc562c_03663234203905_IBI2503_Ecaille_FACE-1000.png\" alt=\"Ibizcus IBI2503 Ecaille\" srcset=\"https:\/\/www.optic2000.ch\/wp-content\/uploads\/akeneo_products_images\/sizes\/405a95ec681a7d5636cd0c195b6bf49163cc562c_03663234203905_IBI2503_Ecaille_FACE-1000.png 1000w\" sizes=\"(max-width: 800px) 800px\"\n                    decoding=\"async\" loading=\"lazy\">\n                                                                        <\/div>\n                                                                                                        <\/div>\n                                                        <div class=\"o-catalog-content-item-preview-actions-btn is-mobile\">\n                        <div class=\"o-catalog-content-item-preview-actions-btn-item\">\n                Damen            <\/div>\n                    <\/div>\n                                                <\/div>\n                                        <div class=\"o-catalog-content-item-content\">\n                                                                                        <div class=\"o-catalog-content-item-left\">\n                                                <div class=\"o-catalog-content-item-brand\">\n                                                    Ibizcus                                                <\/div>\n                                                <div class=\"o-catalog-content-item-model\">\n                                                    IBI2503                                                <\/div>\n                                            <\/div>\n                                        <\/div>\n                                                                                <\/a>\n                                                                            <div class=\"o-catalog-content-item-preview-actions\">\n                                        <div class=\"o-catalog-content-item-preview-actions-icons\"><\/div>\n                                                <div class=\"o-catalog-content-item-preview-actions-btn \">\n                        <div class=\"o-catalog-content-item-preview-actions-btn-item\">\n                Damen            <\/div>\n                    <\/div>\n                                            <\/div>\n                                <\/div>\n                            <\/div>\n                        <\/div>\n                                    <\/div>\n        <\/div>\n        <\/div><\/div><\/div><\/div>\n\n\n      <div style=\"--_hfal-s-h-lg:var(--wp--preset--spacing--20)\" class=\"wp-block-habefast-spacer\"><\/div>\r\n      \n\n            <div class=\"alignwide wp-block-habefast-advanced-layout-group is-layout-constrained wp-block-habefast-advanced-layout-group-is-layout-constrained\">\r\n                <div class=\"wp-block-habefast-advanced-group-container is-style- is-layout-constrained alignwide\"  style='--_hfal-cg-d-lg:flex;--_hfal-cg-d-md:flex;--_hfal-cg-d-sm:flex;'>\r\n                                        <div class=\"wp-block-habefast-advanced-group-inner is-layout-flow\">\r\n                        \n            <h2 class=\"wp-block-heading has-text-align-center\" style=\"padding-bottom:var(--wp--preset--spacing--20)\">\n                Die aktuellen Must-Haves             <\/h2>\n                    <div style=\"display:flex;\">\n            <div style=\"width:0;flex-basis:100%;\">\n                <div class=\"block-suppliers-offers is-slider owl-carousel wp-block-habefast-slider\" id=\"block_6a7bb33424bb2\">\n                                <div class=\"block-suppliers-offers-item  is-style-white\">\n                <div class=\"block-suppliers-offers-item-container\">\n                    <div class=\"block-suppliers-offers-item-img\">\n                        <img src=\"https:\/\/www.optic2000.ch\/wp-content\/uploads\/2026\/02\/website-eyezen-kv-de-scaled.png\" srcset=\"https:\/\/www.optic2000.ch\/wp-content\/uploads\/2026\/02\/website-eyezen-kv-de-scaled.png 2560w, https:\/\/www.optic2000.ch\/wp-content\/uploads\/2026\/02\/website-eyezen-kv-de-300x218.png 300w, https:\/\/www.optic2000.ch\/wp-content\/uploads\/2026\/02\/website-eyezen-kv-de-1024x745.png 1024w, https:\/\/www.optic2000.ch\/wp-content\/uploads\/2026\/02\/website-eyezen-kv-de-768x559.png 768w, https:\/\/www.optic2000.ch\/wp-content\/uploads\/2026\/02\/website-eyezen-kv-de-1536x1118.png 1536w, https:\/\/www.optic2000.ch\/wp-content\/uploads\/2026\/02\/website-eyezen-kv-de-2048x1491.png 2048w\" sizes=\"(max-width: 2560px) 100vw, 2560px\" alt=\"Website Eyezen Kv De\" decoding=\"async\" loading=\"lazy\">                    <\/div>\n                    <div class=\"block-suppliers-offers-item-background\"><\/div>\n                    <div class=\"block-suppliers-offers-item-content\">\n                        <h3 class='block-suppliers-offers-item-title wp-block-heading'>Eyezen x Swiss Made<\/h3>                        <div class=\"block-suppliers-offers-item-content-abs\">\n                            <div class=\"block-suppliers-offers-item-content-abs-content\">\n                                <div class='block-suppliers-offers-item-text'>Gl\u00e4ser, die Innovation und Schweizer Know-how vereinen.<\/div>                            <\/div>\n                        <\/div>\n                                            <\/div>\n                <\/div>\n            <\/div>\n                        <div class=\"block-suppliers-offers-item  is-style-white\">\n                <div class=\"block-suppliers-offers-item-container\">\n                    <div class=\"block-suppliers-offers-item-img\">\n                        <img src=\"https:\/\/www.optic2000.ch\/wp-content\/uploads\/2026\/03\/optic-2000-oakley-meta-1461x1064-de-1-scaled.jpg\" srcset=\"https:\/\/www.optic2000.ch\/wp-content\/uploads\/2026\/03\/optic-2000-oakley-meta-1461x1064-de-1-scaled.jpg 2560w, https:\/\/www.optic2000.ch\/wp-content\/uploads\/2026\/03\/optic-2000-oakley-meta-1461x1064-de-1-300x218.jpg 300w, https:\/\/www.optic2000.ch\/wp-content\/uploads\/2026\/03\/optic-2000-oakley-meta-1461x1064-de-1-1024x746.jpg 1024w, https:\/\/www.optic2000.ch\/wp-content\/uploads\/2026\/03\/optic-2000-oakley-meta-1461x1064-de-1-768x559.jpg 768w, https:\/\/www.optic2000.ch\/wp-content\/uploads\/2026\/03\/optic-2000-oakley-meta-1461x1064-de-1-1536x1119.jpg 1536w, https:\/\/www.optic2000.ch\/wp-content\/uploads\/2026\/03\/optic-2000-oakley-meta-1461x1064-de-1-2048x1491.jpg 2048w\" sizes=\"(max-width: 2560px) 100vw, 2560px\" alt=\"Optic 2000 Oakley Meta 1461x1064 De (1)\" decoding=\"async\" loading=\"lazy\">                    <\/div>\n                    <div class=\"block-suppliers-offers-item-background\"><\/div>\n                    <div class=\"block-suppliers-offers-item-content\">\n                        <h3 class='block-suppliers-offers-item-title wp-block-heading'>Oakley x Transitions<\/h3>                        <div class=\"block-suppliers-offers-item-content-abs\">\n                            <div class=\"block-suppliers-offers-item-content-abs-content\">\n                                <div class='block-suppliers-offers-item-text'>Brillen, die Innovation, Schutz und individuelles Sehen verbinden.<\/div>                            <\/div>\n                        <\/div>\n                                            <\/div>\n                <\/div>\n            <\/div>\n                            <\/div>\n            <\/div>\n        <\/div>\n                    <script>\n                (function () {\n                    jQuery(document).ready(function ($) {\n                        var slider = $(\"#block_6a7bb33424bb2\");\n                        slider.owlCarousel({\n                            items: 2,\n                            loop: false,\n                            autoplay: false,\n                            dots: false,\n                            margin: 20,\n                            nav: true,\n                            responsive: {\n                                0: {\n                                    items: 1,\n                                    margin: 6,\n                                },\n                                768: {\n                                    items: 2,\n                                    margin: 6,\n                                },\n                                992: {\n                                    items: 2,\n                                    margin: 20,\n                                },\n                            },\n                        });\n                    });\n                })(jQuery);\n            <\/script>\n            \n                    <\/div>\r\n                <\/div>\r\n            <\/div>\r\n            \n\n      <div style=\"--_hfal-s-h-lg:var(--wp--preset--spacing--80)\" class=\"wp-block-habefast-spacer\"><\/div>\r\n      \n\n<div id='block_6a7bb334254ff' class='wp-block-optic-banner-wrap alignfull '>\n<div class=\"wp-block-optic-banner alignfull is-maxwidth-alignwide is-contentalign-bottom  is-height-normal is-shadow-inner hf_animated fade_bottom default\" style=\"--mobilePosX:15%;--mobilePosY:40%\"><div class=\"wp-block-optic-banner-container\"><div class=\"wp-block-optic-banner-background\"><div class=\"wp-block-optic-image-selector  optic-img-render-mobile\"><img src=\"https:\/\/www.optic2000.ch\/wp-content\/uploads\/2026\/04\/o2-hp-bandeau-magasin-1440x545-1@2x-scaled.jpg\" alt=\"O2 Hp Bandeau Magasin 1440x545 1\" srcset=\"https:\/\/www.optic2000.ch\/wp-content\/uploads\/2026\/04\/o2-hp-bandeau-magasin-1440x545-1@2x-150x150.jpg 150w, https:\/\/www.optic2000.ch\/wp-content\/uploads\/2026\/04\/o2-hp-bandeau-magasin-1440x545-1@2x-300x114.jpg 300w, https:\/\/www.optic2000.ch\/wp-content\/uploads\/2026\/04\/o2-hp-bandeau-magasin-1440x545-1@2x-1024x388.jpg 640w, https:\/\/www.optic2000.ch\/wp-content\/uploads\/2026\/04\/o2-hp-bandeau-magasin-1440x545-1@2x-scaled.jpg 2560w\" sizes=\"(max-width: 150px) 150px, (max-width: 300px) 300px, (max-width: 640px) 640px, (max-width: 2560px) 2560px, 2560px\" loading=\"lazy\" class=\"wp-block-optic-image-selector-img  img-is-desktop\" decoding=\"async\"\/><img data-src=\"https:\/\/www.optic2000.ch\/wp-content\/uploads\/2025\/06\/o2-elements-siteweb-ete-2-390-x-545.jpg\" alt=\"O2 Elements Siteweb Ete 2 390 X 545\" data-srcset=\"https:\/\/www.optic2000.ch\/wp-content\/uploads\/2025\/06\/o2-elements-siteweb-ete-2-390-x-545-150x150.jpg 150w, https:\/\/www.optic2000.ch\/wp-content\/uploads\/2025\/06\/o2-elements-siteweb-ete-2-390-x-545-215x300.jpg 215w, https:\/\/www.optic2000.ch\/wp-content\/uploads\/2025\/06\/o2-elements-siteweb-ete-2-390-x-545.jpg 390w\" sizes=\"(max-width: 150px) 150px, (max-width: 215px) 215px, (max-width: 390px) 390px, 390px\" loading=\"lazy\" class=\"wp-block-optic-image-selector-img  img-is-mobile\" decoding=\"async\" style=\"display:none\"\/><\/div><\/div><div class=\"wp-block-optic-banner-content\"><div class=\"wp-block-optic-banner-content-inner\"><div class=\"wp-block-optic-banner-content-inner-container\">\n<h2 class=\"wp-block-heading has-text-align-left has-theme-white-color has-text-color has-link-color has-large-font-size wp-elements-5d10509f21c6c233291e41ad2c27c00e\" style=\"padding-bottom:0;letter-spacing:0px\">Gesch\u00e4fte<\/h2>\n\n\n\n<p class=\"has-text-align-left has-theme-white-color has-text-color has-link-color wp-elements-3ce3fb9f610938160dca1c2ddaee3b64 wp-block-paragraph\">Finden Sie Ihren Optiker unter unseren 51 Gesch\u00e4ften.<\/p>\n\n\n\n<div class=\"wp-block-buttons is-content-justification-left is-layout-flex wp-container-core-buttons-is-layout-a768b15a wp-block-buttons-is-layout-flex\">\n<div class=\"wp-block-button is-style-white\"><a class=\"wp-block-button__link wp-element-button\" href=\"\/de\/optikers\/\">EINEN OPTIKER FINDEN<\/a><\/div>\n<\/div>\n<\/div><\/div><\/div><\/div><\/div>\n<\/div>\n\n      <div style=\"--_hfal-s-h-lg:var(--wp--preset--spacing--80)\" class=\"wp-block-habefast-spacer\"><\/div>\r\n      \n\n<div id='block_6a7bb334259fd' class='wp-block-optic-banner-wrap alignfull '>\n<div class=\"wp-block-optic-banner alignfull is-maxwidth-alignwide is-contentalign-bottom  is-height-normal is-shadow-inner hf_animated fade_bottom default\" style=\"--mobilePosX:58%;--mobilePosY:50%\"><div class=\"wp-block-optic-banner-container\"><div class=\"wp-block-optic-banner-background\"><div class=\"wp-block-optic-image-selector  optic-img-render-mobile\"><img src=\"https:\/\/www.optic2000.ch\/wp-content\/uploads\/2026\/04\/o2-hp-bandeau-essayage-1440x545-1@2x-scaled.jpg\" alt=\"O2 Hp Bandeau Essayage 1440x545 1\" srcset=\"https:\/\/www.optic2000.ch\/wp-content\/uploads\/2026\/04\/o2-hp-bandeau-essayage-1440x545-1@2x-150x150.jpg 150w, https:\/\/www.optic2000.ch\/wp-content\/uploads\/2026\/04\/o2-hp-bandeau-essayage-1440x545-1@2x-300x114.jpg 300w, https:\/\/www.optic2000.ch\/wp-content\/uploads\/2026\/04\/o2-hp-bandeau-essayage-1440x545-1@2x-1024x388.jpg 640w, https:\/\/www.optic2000.ch\/wp-content\/uploads\/2026\/04\/o2-hp-bandeau-essayage-1440x545-1@2x-scaled.jpg 2560w\" sizes=\"(max-width: 150px) 150px, (max-width: 300px) 300px, (max-width: 640px) 640px, (max-width: 2560px) 2560px, 2560px\" loading=\"lazy\" class=\"wp-block-optic-image-selector-img  img-is-desktop\" decoding=\"async\"\/><img data-src=\"https:\/\/www.optic2000.ch\/wp-content\/uploads\/2026\/04\/o2-hp-mobile-bandeau-essayage-390x545@2x.jpg\" alt=\"O2 Hp Mobile Bandeau Essayage 390x545\" data-srcset=\"https:\/\/www.optic2000.ch\/wp-content\/uploads\/2026\/04\/o2-hp-mobile-bandeau-essayage-390x545@2x-150x150.jpg 150w, https:\/\/www.optic2000.ch\/wp-content\/uploads\/2026\/04\/o2-hp-mobile-bandeau-essayage-390x545@2x-215x300.jpg 215w, https:\/\/www.optic2000.ch\/wp-content\/uploads\/2026\/04\/o2-hp-mobile-bandeau-essayage-390x545@2x-733x1024.jpg 640w, https:\/\/www.optic2000.ch\/wp-content\/uploads\/2026\/04\/o2-hp-mobile-bandeau-essayage-390x545@2x.jpg 780w\" sizes=\"(max-width: 150px) 150px, (max-width: 215px) 215px, (max-width: 640px) 640px, (max-width: 780px) 780px, 780px\" loading=\"lazy\" class=\"wp-block-optic-image-selector-img  img-is-mobile\" decoding=\"async\" style=\"display:none\"\/><\/div><\/div><div class=\"wp-block-optic-banner-content\"><div class=\"wp-block-optic-banner-content-inner\"><div class=\"wp-block-optic-banner-content-inner-container\">\n<h2 class=\"wp-block-heading has-text-align-left has-theme-white-color has-text-color has-link-color has-large-font-size wp-elements-3216519e653e455e6d4d6d3e4f85f430\" style=\"padding-bottom:0;letter-spacing:0px\">Anprobe<\/h2>\n\n\n\n<p class=\"has-text-align-left has-theme-white-color has-text-color has-link-color wp-elements-30ece16ec52edb2848452b16f77a589c wp-block-paragraph\">Testen Sie verschiedene Modelle f\u00fcr einen individuellen Look<\/p>\n\n\n\n<div class=\"wp-block-buttons is-content-justification-left is-layout-flex wp-container-core-buttons-is-layout-a768b15a wp-block-buttons-is-layout-flex\">\n<div class=\"wp-block-button is-style-white\"><a class=\"wp-block-button__link wp-element-button\" href=\"https:\/\/www.optic2000.ch\/de\/visagismus-workshop\/\">Formberatungs-Service<\/a><\/div>\n<\/div>\n<\/div><\/div><\/div><\/div><\/div>\n<\/div>\n\n      <div style=\"--_hfal-s-h-lg:var(--wp--preset--spacing--80)\" class=\"wp-block-habefast-spacer\"><\/div>\r\n      \n\n            <div class=\"alignwide wp-block-habefast-advanced-layout-group is-layout-constrained wp-block-habefast-advanced-layout-group-is-layout-constrained\">\r\n                <div class=\"wp-block-habefast-advanced-group-container is-style- is-layout-constrained alignwide\"  style='--_hfal-cg-d-lg:flex;--_hfal-cg-d-md:flex;--_hfal-cg-d-sm:flex;'>\r\n                                        <div class=\"wp-block-habefast-advanced-group-inner is-layout-flow\">\r\n                        \n\n<h2 class=\"wp-block-heading has-text-align-center  hf_animated fade_bottom default\" style=\"padding-bottom:var(--wp--preset--spacing--10);letter-spacing:4.8px\">Dienstleistungen &amp; Vorteile<\/h2>\n\n\n\n<div class=\"wp-block-optic-vignettes is-style-center is-height- is-mobile-inline\"><div class=\"wp-block-optic-vignettes-container\"><div class=\"wp-block-optic-vignettes-content\">\n<div class=\"wp-block-optic-vignette  hf_animated fade_bottom default \"><a href=\"https:\/\/www.optic2000.ch\/de\/unsere-dienstleistungen\/#unsere-zahlungsmoglichkeiten\"><div class=\"wp-block-optic-vignette-container\"><div class=\"wp-block-optic-image-selector  \"><img src=\"https:\/\/www.optic2000.ch\/wp-content\/uploads\/2025\/05\/24-optic-2000-suisse-mountain-0076-1-scaled.jpg\" alt=\"24 Optic 2000 Suisse Mountain 0076 1\" srcset=\"https:\/\/www.optic2000.ch\/wp-content\/uploads\/2025\/05\/24-optic-2000-suisse-mountain-0076-1-150x150.jpg 150w, https:\/\/www.optic2000.ch\/wp-content\/uploads\/2025\/05\/24-optic-2000-suisse-mountain-0076-1-268x300.jpg 268w, https:\/\/www.optic2000.ch\/wp-content\/uploads\/2025\/05\/24-optic-2000-suisse-mountain-0076-1-915x1024.jpg 640w, https:\/\/www.optic2000.ch\/wp-content\/uploads\/2025\/05\/24-optic-2000-suisse-mountain-0076-1-scaled.jpg 2287w\" sizes=\"(max-width: 150px) 150px, (max-width: 268px) 268px, (max-width: 640px) 640px, (max-width: 2287px) 2287px, 2287px\" loading=\"lazy\" class=\"wp-block-optic-image-selector-img  \" decoding=\"async\"\/><\/div><div class=\"wp-block-optic-vignette-content\"><div class=\"wp-block-optic-vignette-content-inner\">\n\n<h3 class=\"wp-block-heading has-text-align-center has-theme-white-color has-text-color has-link-color has-big-font-size wp-elements-822e29a30652729244fe1f41b267c40f\" style=\"font-style:normal;font-weight:400\">Unsere Zahlungsm\u00f6glichkeiten<\/h3>\n\n<\/div><\/div><\/div><\/a><\/div>\n\n\n\n<div class=\"wp-block-optic-vignette  hf_animated fade_bottom d-100ms default \"><a href=\"https:\/\/www.optic2000.ch\/de\/unsere-dienstleistungen\/#leistungsgarantie\"><div class=\"wp-block-optic-vignette-container\"><div class=\"wp-block-optic-image-selector  \"><img src=\"https:\/\/www.optic2000.ch\/wp-content\/uploads\/2025\/05\/24-optic-2000-suisse-mountain-0135-1-scaled.jpg\" alt=\"24 Optic 2000 Suisse Mountain 0135 1\" srcset=\"https:\/\/www.optic2000.ch\/wp-content\/uploads\/2025\/05\/24-optic-2000-suisse-mountain-0135-1-150x150.jpg 150w, https:\/\/www.optic2000.ch\/wp-content\/uploads\/2025\/05\/24-optic-2000-suisse-mountain-0135-1-268x300.jpg 268w, https:\/\/www.optic2000.ch\/wp-content\/uploads\/2025\/05\/24-optic-2000-suisse-mountain-0135-1-915x1024.jpg 640w, https:\/\/www.optic2000.ch\/wp-content\/uploads\/2025\/05\/24-optic-2000-suisse-mountain-0135-1-scaled.jpg 2288w\" sizes=\"(max-width: 150px) 150px, (max-width: 268px) 268px, (max-width: 640px) 640px, (max-width: 2288px) 2288px, 2288px\" loading=\"lazy\" class=\"wp-block-optic-image-selector-img  \" decoding=\"async\"\/><\/div><div class=\"wp-block-optic-vignette-content\"><div class=\"wp-block-optic-vignette-content-inner\">\n\n<h3 class=\"wp-block-heading has-text-align-center has-theme-white-color has-text-color has-link-color has-big-font-size wp-elements-bd6a1cc0e9bab321199f2a5c33b96b64\" style=\"font-style:normal;font-weight:400\">Garantie&nbsp; bei Fassung- \/&nbsp; Glasbruch*<\/h3>\n\n<\/div><\/div><\/div><\/a><\/div>\n\n\n\n<div class=\"wp-block-optic-vignette  hf_animated fade_bottom d-200ms default \"><a href=\"https:\/\/www.optic2000.ch\/de\/unsere-dienstleistungen\/#pflege\"><div class=\"wp-block-optic-vignette-container\"><div class=\"wp-block-optic-image-selector  \"><img src=\"https:\/\/www.optic2000.ch\/wp-content\/uploads\/2025\/05\/24-optic-2000-suisse-mountain-0039-1-scaled-e1747902038234.jpg\" alt=\"24 Optic 2000 Suisse Mountain 0039 1\" srcset=\"https:\/\/www.optic2000.ch\/wp-content\/uploads\/2025\/05\/24-optic-2000-suisse-mountain-0039-1-150x150.jpg 150w, https:\/\/www.optic2000.ch\/wp-content\/uploads\/2025\/05\/24-optic-2000-suisse-mountain-0039-1-268x300.jpg 268w, https:\/\/www.optic2000.ch\/wp-content\/uploads\/2025\/05\/24-optic-2000-suisse-mountain-0039-1-915x1024.jpg 640w, https:\/\/www.optic2000.ch\/wp-content\/uploads\/2025\/05\/24-optic-2000-suisse-mountain-0039-1-scaled-e1747902038234.jpg 2288w\" sizes=\"(max-width: 150px) 150px, (max-width: 268px) 268px, (max-width: 640px) 640px, (max-width: 2288px) 2288px, 2288px\" loading=\"lazy\" class=\"wp-block-optic-image-selector-img  \" decoding=\"async\"\/><\/div><div class=\"wp-block-optic-vignette-content\"><div class=\"wp-block-optic-vignette-content-inner\">\n\n<h3 class=\"wp-block-heading has-text-align-center has-theme-white-color has-text-color has-link-color has-big-font-size wp-elements-2b39ef0e5fe56bd3ed17188100cefeeb\" style=\"font-style:normal;font-weight:400\">Kostenlose Pflege und Anpassung<\/h3>\n\n<\/div><\/div><\/div><\/a><\/div>\n<\/div><\/div><\/div>\n\n                    <\/div>\r\n                <\/div>\r\n            <\/div>\r\n            \n\n      <div style=\"--_hfal-s-h-lg:var(--wp--preset--spacing--80)\" class=\"wp-block-habefast-spacer\"><\/div>\r\n      \n\n            <div class=\"wp-block-habefast-advanced-layout-group is-layout-constrained wp-block-habefast-advanced-layout-group-is-layout-constrained\">\r\n                <div class=\"wp-block-habefast-advanced-group-container is-style- is-layout-constrained\"  style='--_hfal-cg-d-lg:flex;--_hfal-cg-d-md:flex;--_hfal-cg-d-sm:flex;'>\r\n                                        <div class=\"wp-block-habefast-advanced-group-inner is-layout-flow\">\r\n                        \n\n<h2 class=\"wp-block-heading has-text-align-center has-theme-darkgrey-color has-text-color has-link-color has-normal-font-size wp-elements-6f572fbe452fc91cb3aa6d1cb0ec0a04\" style=\"padding-bottom:0\">Ihr Optic 2000 Optiker: Experte f\u00fcr Seh- und H\u00f6rgesundheit<\/h2>\n\n\n\n<p class=\"has-text-align-center has-theme-darkgrey-color has-text-color has-link-color wp-elements-6930ce0c39e2736db8142f5b08be6064 wp-block-paragraph\">Bei Optic 2000 bieten Ihnen unsere diplomierten Optiker eine pers\u00f6nliche Betreuung, um all Ihren Bed\u00fcrfnissen in Bezug auf Seh- und H\u00f6rgesundheit gerecht zu werden. Ob Sie eine Brille, eine Sonnenbrille, Kontaktlinsen oder ein H\u00f6rger\u00e4t ben\u00f6tigen, Ihr Optiker hilft Ihnen bei der Auswahl der besten L\u00f6sungen f\u00fcr Ihr Seh- und H\u00f6rverm\u00f6gen.Vereinbaren Sie einen Termin bei einem Optiker in Ihrer N\u00e4he und entdecken Sie eine grosse Auswahl an Marken und Dienstleistungen in den Gesch\u00e4ften.<\/p>\n\n                    <\/div>\r\n                <\/div>\r\n            <\/div>\r\n            \n\n\n<script>\n    (function () {\n        window.addEventListener(\"DOMContentLoaded\", function () {\n            const visionNode = document.querySelector(\"#vignettes-vision .wp-block-optic-vignettes .wp-block-optic-vignettes-content\");\n            if (visionNode) {\n                const options = [\"\/de\/katalog\/brillen\/\", \"\/de\/katalog\/sonnenbrillen\/\", \"\/de\/kontaktlinsen\/\"];\n                for (var i = 0; i < options.length; i++) {\n                    const node = visionNode.querySelector(\".wp-block-optic-vignette:nth-child(\" + (i + 1) + \") a\");\n                    if (node) {\n                        node.setAttribute(\"href\", options[i]);\n                    }\n                }\n            }\n\n            const bannerNode = document.querySelector(\".wp-block-optic-banner.is-fullheight\"); \n            if(bannerNode){\n                const options = [\"\/de\/katalog\/brillen-damen\/\", \"\/de\/katalog\/brillen-manner\/\", \"\/de\/katalog\/brillen-kinder\/\",\"\/de\/hoerakustik\/\"];\n                for (var i = 0; i < options.length; i++) {\n                    const node = bannerNode.querySelector(\".wp-block-optic-banner-content-menutop-item:nth-child(\" + (i + 1) + \") a\");\n                    if (node) {\n                        node.setAttribute(\"href\", options[i]);\n                    }\n                }\n\n                const btnNode = bannerNode.querySelector(\".wp-block-optic-banner-content-inner .wp-block-button a\");\n                if(btnNode){\n                    btnNode.setAttribute(\"href\", \"\/de\/katalog\/sonnenbrillen\/\");\n                }\n\n                bannerNode.querySelectorAll(\".is-man\").forEach((item)=>{\n                    item.querySelector(\"a\").setAttribute(\"href\",\"\/de\/katalog\/damen\/\");\n                })\n                bannerNode.querySelectorAll(\".is-woman\").forEach((item)=>{\n                    item.querySelector(\"a\").setAttribute(\"href\",\"\/de\/katalog\/herren\/\");\n                })\n            }\n        })\n    })()\n<\/script>\n","protected":false},"excerpt":{"rendered":"","protected":false},"author":1,"featured_media":0,"parent":0,"menu_order":0,"comment_status":"closed","ping_status":"closed","template":"","meta":{"_acf_changed":false,"_optic_post_header_transparent":true,"_optic_post_header_white_mobile":false,"_optic_post_header_transparent_black":false,"_optic_post_hide_rdv_button":false,"_optic_post_hide_footer_margintop":false,"_optic_post_is_audition":false,"_optic_post_is_concours_noel":false,"_optic_post_animate_menu_logo":true,"_optic_post_translations":[],"_optic_post_hide_bottom_mobile_fixed_btns":false,"_optic_post_title":"","_optic_post_description":"","footnotes":""},"optic_page_cat":[],"class_list":["post-41528","page","type-page","status-publish","hentry"],"acf":[],"yoast_head":"<!-- This site is optimized with the Yoast SEO plugin v28.0 - https:\/\/yoast.com\/product\/yoast-seo-wordpress\/ -->\n<meta name=\"description\" content=\"Finden Sie Ihren Optiker in der Schweiz mit Optic 2000. Massgeschneiderte visuelle L\u00f6sungen f\u00fcr die ganze Familie.\" \/>\n<meta name=\"robots\" content=\"index, follow, max-snippet:-1, max-image-preview:large, max-video-preview:-1\" \/>\n<link rel=\"canonical\" href=\"https:\/\/www.optic2000.ch\/de\/\" \/>\n<meta property=\"og:locale\" content=\"de_DE\" \/>\n<meta property=\"og:type\" content=\"article\" \/>\n<meta property=\"og:title\" content=\"Optic 2000: Ihr vertrauensw\u00fcrdiger Optiker in der Schweiz\" \/>\n<meta property=\"og:description\" content=\"Finden Sie Ihren Optiker in der Schweiz mit Optic 2000. Massgeschneiderte visuelle L\u00f6sungen f\u00fcr die ganze Familie.\" \/>\n<meta property=\"og:url\" content=\"https:\/\/www.optic2000.ch\/de\/\" \/>\n<meta property=\"og:site_name\" content=\"Optic 2000\" \/>\n<meta property=\"article:modified_time\" content=\"2026-07-01T06:40:51+00:00\" \/>\n<meta property=\"og:image\" content=\"https:\/\/www.optic2000.ch\/wp-content\/uploads\/2026\/04\/o2-hp-bandeau-1440x545-2@2x-scaled.jpg\" \/>\n<meta name=\"twitter:card\" content=\"summary_large_image\" \/>\n<meta name=\"twitter:label1\" content=\"Gesch\u00e4tzte Lesezeit\" \/>\n\t<meta name=\"twitter:data1\" content=\"4\u00a0Minute\" \/>\n<script type=\"application\/ld+json\" class=\"yoast-schema-graph\">{\"@context\":\"https:\\\/\\\/schema.org\",\"@graph\":[{\"@type\":\"WebPage\",\"@id\":\"https:\\\/\\\/www.optic2000.ch\\\/de\\\/\",\"url\":\"https:\\\/\\\/www.optic2000.ch\\\/de\\\/\",\"name\":\"Optic 2000: Ihr vertrauensw\u00fcrdiger Optiker in der Schweiz\",\"isPartOf\":{\"@id\":\"https:\\\/\\\/www.optic2000.ch\\\/de\\\/#website\"},\"primaryImageOfPage\":{\"@id\":\"https:\\\/\\\/www.optic2000.ch\\\/de\\\/#primaryimage\"},\"image\":{\"@id\":\"https:\\\/\\\/www.optic2000.ch\\\/de\\\/#primaryimage\"},\"thumbnailUrl\":\"https:\\\/\\\/www.optic2000.ch\\\/wp-content\\\/uploads\\\/2026\\\/04\\\/o2-hp-bandeau-1440x545-2@2x-scaled.jpg\",\"datePublished\":\"2024-09-11T09:46:13+00:00\",\"dateModified\":\"2026-07-01T06:40:51+00:00\",\"description\":\"Finden Sie Ihren Optiker in der Schweiz mit Optic 2000. Massgeschneiderte visuelle L\u00f6sungen f\u00fcr die ganze Familie.\",\"breadcrumb\":{\"@id\":\"https:\\\/\\\/www.optic2000.ch\\\/de\\\/#breadcrumb\"},\"inLanguage\":\"de\",\"potentialAction\":[{\"@type\":\"ReadAction\",\"target\":[\"https:\\\/\\\/www.optic2000.ch\\\/de\\\/\"]}]},{\"@type\":\"ImageObject\",\"inLanguage\":\"de\",\"@id\":\"https:\\\/\\\/www.optic2000.ch\\\/de\\\/#primaryimage\",\"url\":\"https:\\\/\\\/www.optic2000.ch\\\/wp-content\\\/uploads\\\/2026\\\/04\\\/o2-hp-bandeau-1440x545-2@2x-scaled.jpg\",\"contentUrl\":\"https:\\\/\\\/www.optic2000.ch\\\/wp-content\\\/uploads\\\/2026\\\/04\\\/o2-hp-bandeau-1440x545-2@2x-scaled.jpg\"},{\"@type\":\"BreadcrumbList\",\"@id\":\"https:\\\/\\\/www.optic2000.ch\\\/de\\\/#breadcrumb\",\"itemListElement\":[{\"@type\":\"ListItem\",\"position\":1,\"name\":\"Accueil\",\"item\":\"https:\\\/\\\/www.optic2000.ch\\\/de\\\/\"},{\"@type\":\"ListItem\",\"position\":2,\"name\":\"Startseite\"}]},{\"@type\":\"WebSite\",\"@id\":\"https:\\\/\\\/www.optic2000.ch\\\/de\\\/#website\",\"url\":\"https:\\\/\\\/www.optic2000.ch\\\/de\\\/\",\"name\":\"Optic 2000\",\"description\":\"\",\"potentialAction\":[{\"@type\":\"SearchAction\",\"target\":{\"@type\":\"EntryPoint\",\"urlTemplate\":\"https:\\\/\\\/www.optic2000.ch\\\/de\\\/?s={search_term_string}\"},\"query-input\":{\"@type\":\"PropertyValueSpecification\",\"valueRequired\":true,\"valueName\":\"search_term_string\"}}],\"inLanguage\":\"de\"}]}<\/script>\n<!-- \/ Yoast SEO plugin. -->","yoast_head_json":{"description":"Finden Sie Ihren Optiker in der Schweiz mit Optic 2000. Massgeschneiderte visuelle L\u00f6sungen f\u00fcr die ganze Familie.","robots":{"index":"index","follow":"follow","max-snippet":"max-snippet:-1","max-image-preview":"max-image-preview:large","max-video-preview":"max-video-preview:-1"},"canonical":"https:\/\/www.optic2000.ch\/de\/","og_locale":"de_DE","og_type":"article","og_title":"Optic 2000: Ihr vertrauensw\u00fcrdiger Optiker in der Schweiz","og_description":"Finden Sie Ihren Optiker in der Schweiz mit Optic 2000. Massgeschneiderte visuelle L\u00f6sungen f\u00fcr die ganze Familie.","og_url":"https:\/\/www.optic2000.ch\/de\/","og_site_name":"Optic 2000","article_modified_time":"2026-07-01T06:40:51+00:00","og_image":[{"url":"https:\/\/www.optic2000.ch\/wp-content\/uploads\/2026\/04\/o2-hp-bandeau-1440x545-2@2x-scaled.jpg","type":"","width":"","height":""}],"twitter_card":"summary_large_image","twitter_misc":{"Gesch\u00e4tzte Lesezeit":"4\u00a0Minute"},"schema":{"@context":"https:\/\/schema.org","@graph":[{"@type":"WebPage","@id":"https:\/\/www.optic2000.ch\/de\/","url":"https:\/\/www.optic2000.ch\/de\/","name":"Optic 2000: Ihr vertrauensw\u00fcrdiger Optiker in der Schweiz","isPartOf":{"@id":"https:\/\/www.optic2000.ch\/de\/#website"},"primaryImageOfPage":{"@id":"https:\/\/www.optic2000.ch\/de\/#primaryimage"},"image":{"@id":"https:\/\/www.optic2000.ch\/de\/#primaryimage"},"thumbnailUrl":"https:\/\/www.optic2000.ch\/wp-content\/uploads\/2026\/04\/o2-hp-bandeau-1440x545-2@2x-scaled.jpg","datePublished":"2024-09-11T09:46:13+00:00","dateModified":"2026-07-01T06:40:51+00:00","description":"Finden Sie Ihren Optiker in der Schweiz mit Optic 2000. Massgeschneiderte visuelle L\u00f6sungen f\u00fcr die ganze Familie.","breadcrumb":{"@id":"https:\/\/www.optic2000.ch\/de\/#breadcrumb"},"inLanguage":"de","potentialAction":[{"@type":"ReadAction","target":["https:\/\/www.optic2000.ch\/de\/"]}]},{"@type":"ImageObject","inLanguage":"de","@id":"https:\/\/www.optic2000.ch\/de\/#primaryimage","url":"https:\/\/www.optic2000.ch\/wp-content\/uploads\/2026\/04\/o2-hp-bandeau-1440x545-2@2x-scaled.jpg","contentUrl":"https:\/\/www.optic2000.ch\/wp-content\/uploads\/2026\/04\/o2-hp-bandeau-1440x545-2@2x-scaled.jpg"},{"@type":"BreadcrumbList","@id":"https:\/\/www.optic2000.ch\/de\/#breadcrumb","itemListElement":[{"@type":"ListItem","position":1,"name":"Accueil","item":"https:\/\/www.optic2000.ch\/de\/"},{"@type":"ListItem","position":2,"name":"Startseite"}]},{"@type":"WebSite","@id":"https:\/\/www.optic2000.ch\/de\/#website","url":"https:\/\/www.optic2000.ch\/de\/","name":"Optic 2000","description":"","potentialAction":[{"@type":"SearchAction","target":{"@type":"EntryPoint","urlTemplate":"https:\/\/www.optic2000.ch\/de\/?s={search_term_string}"},"query-input":{"@type":"PropertyValueSpecification","valueRequired":true,"valueName":"search_term_string"}}],"inLanguage":"de"}]}},"_links":{"self":[{"href":"https:\/\/www.optic2000.ch\/de\/wp-json\/wp\/v2\/pages\/41528","targetHints":{"allow":["GET"]}}],"collection":[{"href":"https:\/\/www.optic2000.ch\/de\/wp-json\/wp\/v2\/pages"}],"about":[{"href":"https:\/\/www.optic2000.ch\/de\/wp-json\/wp\/v2\/types\/page"}],"author":[{"embeddable":true,"href":"https:\/\/www.optic2000.ch\/de\/wp-json\/wp\/v2\/users\/1"}],"replies":[{"embeddable":true,"href":"https:\/\/www.optic2000.ch\/de\/wp-json\/wp\/v2\/comments?post=41528"}],"version-history":[{"count":207,"href":"https:\/\/www.optic2000.ch\/de\/wp-json\/wp\/v2\/pages\/41528\/revisions"}],"predecessor-version":[{"id":61708,"href":"https:\/\/www.optic2000.ch\/de\/wp-json\/wp\/v2\/pages\/41528\/revisions\/61708"}],"wp:attachment":[{"href":"https:\/\/www.optic2000.ch\/de\/wp-json\/wp\/v2\/media?parent=41528"}],"wp:term":[{"taxonomy":"optic_page_cat","embeddable":true,"href":"https:\/\/www.optic2000.ch\/de\/wp-json\/wp\/v2\/optic_page_cat?post=41528"}],"curies":[{"name":"wp","href":"https:\/\/api.w.org\/{rel}","templated":true}]}}