{"id":49449,"date":"2025-05-02T11:54:56","date_gmt":"2025-05-02T09:54:56","guid":{"rendered":"https:\/\/www.optic2000.ch\/?page_id=49449"},"modified":"2025-10-21T00:58:31","modified_gmt":"2025-10-20T22:58:31","slug":"rodenstock-mycon2","status":"publish","type":"page","link":"https:\/\/www.optic2000.ch\/de\/rodenstock-mycon2\/","title":{"rendered":"\u00a0Fournisseurs-Rodenstock Myopie"},"content":{"rendered":"<div id='block_69f14743b96a7' class='wp-block-optic-banner-wrap alignfull '>\n<div class=\"wp-block-optic-banner alignfull is-maxwidth-alignfull is-contentalign-bottom  is-constrains is-height-normal is-shadow-height-inverse is-overlaidonmenu\" style=\"--mobilePosX:50%;--mobilePosY:50%\"><div class=\"wp-block-optic-banner-container\"><div class=\"wp-block-optic-banner-background\"><div class=\"wp-block-optic-image-selector  \"><img src=\"https:\/\/www.optic2000.ch\/wp-content\/uploads\/2025\/05\/optic2000-fournisseurs-rodenstock-bandeau-1-1.png\" alt=\"Optic2000 Fournisseurs Rodenstock Bandeau 1\" srcset=\"https:\/\/www.optic2000.ch\/wp-content\/uploads\/2025\/05\/optic2000-fournisseurs-rodenstock-bandeau-1-1-150x150.png 150w, https:\/\/www.optic2000.ch\/wp-content\/uploads\/2025\/05\/optic2000-fournisseurs-rodenstock-bandeau-1-1-300x105.png 300w, https:\/\/www.optic2000.ch\/wp-content\/uploads\/2025\/05\/optic2000-fournisseurs-rodenstock-bandeau-1-1-1024x360.png 640w, https:\/\/www.optic2000.ch\/wp-content\/uploads\/2025\/05\/optic2000-fournisseurs-rodenstock-bandeau-1-1.png 6204w\" sizes=\"(max-width: 150px) 150px, (max-width: 300px) 300px, (max-width: 640px) 640px, (max-width: 6204px) 6204px, 6204px\" loading=\"eager\" class=\"wp-block-optic-image-selector-img  \" decoding=\"async\"\/><\/div><\/div><div class=\"wp-block-optic-banner-content\"><div class=\"wp-block-optic-banner-content-inner\"><div class=\"wp-block-optic-banner-content-inner-container\">\n<h1 class=\"wp-block-heading has-text-align-center has-theme-white-color has-text-color has-link-color has-large-font-size wp-elements-128e407553b59cbf47e09e94b0466e75\" style=\"text-transform:uppercase\"><strong>RODENSTOCK MYCON\u00ae 2<\/strong>, WEIL IHRE KINDER EINZIGARTIG SIND<\/h1>\n\n\n\n<p class=\"has-text-align-center has-theme-white-color has-text-color has-link-color wp-elements-ba346939562ad7a842bc05c9753eb0f3\" style=\"text-transform:uppercase\"><strong>Brillengl\u00e4ser, die auf die individuellen Trageparameter des Kindes abgestimmt werden, um die Sehleistung zu verbessern und helfen, die Kurzsichtigkeit zu kontrollieren.<\/strong><\/p>\n<\/div><\/div><\/div><\/div><\/div>\n<\/div>\n\n      <div style=\"--_hfal-s-h-lg:var(--wp--preset--spacing--30);\" class=\"wp-block-habefast-spacer\"><\/div>\r\n      \n\n            <div class=\"wp-block-habefast-advanced-layout-group is-layout-constrained wp-block-habefast-advanced-layout-group-is-layout-constrained\">\r\n                <div class=\"wp-block-habefast-advanced-group-container is-style- is-layout-constrained\"  style='--_hfal-cg-d-lg:flex;--_hfal-cg-p-t-lg:0;--_hfal-cg-d-md:flex;--_hfal-cg-d-sm:flex;'>\r\n                                        <div class=\"wp-block-habefast-advanced-group-inner is-layout-flow\">\r\n                        \n            <div class=\"wp-block-habefast-advanced-layout-group is-layout-constrained wp-block-habefast-advanced-layout-group-is-layout-constrained\">\r\n                <div class=\"wp-block-habefast-advanced-group-container is-style- is-layout-constrained\"  style='--_hfal-cg-d-lg:flex;--_hfal-cg-p-t-lg:0;--_hfal-cg-p-b-lg:0;--_hfal-cg-p-r-lg:var(--wp--preset--spacing--10);--_hfal-cg-p-l-lg:var(--wp--preset--spacing--10);--_hfal-cg-d-md:flex;--_hfal-cg-d-sm:flex;--_hfal-cg-p-r-md:var(--wp--preset--spacing--10);--_hfal-cg-p-r-sm:var(--wp--preset--spacing--10);--_hfal-cg-p-l-md:var(--wp--preset--spacing--10);--_hfal-cg-p-l-sm:var(--wp--preset--spacing--10);'>\r\n                                        <div class=\"wp-block-habefast-advanced-group-inner is-layout-flow\">\r\n                        \n\n<h2 class=\"wp-block-heading has-text-align-center\"><strong>KINDER ENTWICKELN SICH UNTERSCHIEDLICH<\/strong><\/h2>\n\n\n<div id='block_69f14743bb524' class='alignfull is-layout-constrained'>\n<div class=\"wp-block-optic-media-content alignwide\"><div class=\"is-layout-constrained\"><div class=\"wp-block-optic-media-content-row v-25-75 va-top inverse inverse-mobile\"><div class=\"wp-block-optic-media-content-background is-shadow-inner\"><div class=\"wp-block-optic-image-selector  \"><img src=\"https:\/\/www.optic2000.ch\/wp-content\/uploads\/2025\/05\/fournisseurs-rodenstock-myopie-developpement-enfants.png\" alt=\"Fournisseurs Rodenstock Myopie Developpement Enfants\" srcset=\"https:\/\/www.optic2000.ch\/wp-content\/uploads\/2025\/05\/fournisseurs-rodenstock-myopie-developpement-enfants-150x150.png 150w, https:\/\/www.optic2000.ch\/wp-content\/uploads\/2025\/05\/fournisseurs-rodenstock-myopie-developpement-enfants-300x300.png 300w, https:\/\/www.optic2000.ch\/wp-content\/uploads\/2025\/05\/fournisseurs-rodenstock-myopie-developpement-enfants-1024x1024.png 640w, https:\/\/www.optic2000.ch\/wp-content\/uploads\/2025\/05\/fournisseurs-rodenstock-myopie-developpement-enfants.png 2160w\" sizes=\"(max-width: 150px) 150px, (max-width: 300px) 300px, (max-width: 640px) 640px, (max-width: 2160px) 2160px, 2160px\" loading=\"lazy\" class=\"wp-block-optic-image-selector-img  \" decoding=\"async\"\/><\/div><\/div><div class=\"wp-block-optic-media-content-content\"><div>\n<p class=\"\">Kinder entwickeln sich schnell und individuell, ebenso wie ihre Gesichter und Augen.<\/p>\n\n\n      <div style=\"--_hfal-s-h-lg:var(--wp--preset--spacing--30);\" class=\"wp-block-habefast-spacer\"><\/div>\r\n      \n\n\n<p class=\"\">Daher ist es von entscheidender Bedeutung, individuelle Trageparameter wie Pupillendistanz und Fassungsscheibenwinkel zu ber\u00fccksichtigen, um optimale Wirkung und Sehkomfort bei Brillengl\u00e4sern zur Kontrolle von Kurzsichtigkeit zu gew\u00e4hrleisten.<\/p>\n\n\n      <div style=\"--_hfal-s-h-lg:var(--wp--preset--spacing--30);\" class=\"wp-block-habefast-spacer\"><\/div>\r\n      \n\n            <div class=\"wp-block-habefast-advanced-layout-group is-layout-constrained wp-block-habefast-advanced-layout-group-is-layout-constrained\">\r\n                <div class=\"wp-block-habefast-advanced-group-container is-style- is-layout-constrained\"  style='--_hfal-cg-d-lg:flex;--_hfal-cg-m-l-lg:0;--_hfal-cg-p-l-lg:0;--_hfal-cg-m-t-lg:0;--_hfal-cg-d-md:flex;--_hfal-cg-d-sm:flex;'>\r\n                                        <div class=\"wp-block-habefast-advanced-group-inner is-layout-flow\">\r\n                        \n\n<p class=\"has-theme-darkgrey-color has-text-color has-link-color has-small-font-size wp-elements-fd90c2c6a8233cb28eec371f885e5b7e\" style=\"margin-right:0;margin-left:0;padding-right:0;padding-left:0\">.&nbsp; Source: Wei, N., Qian, X., Bi, H. et al. Pseudoesotropia in Chinese Children: A Triphasic<\/p>\n\n\n\n<p class=\"has-theme-darkgrey-color has-text-color has-link-color has-small-font-size wp-elements-85a608d7eb9db5a5be332e5be25d53dc\">Development of the Interepicanthal Folds Distance-to-Interpupillary Distance Ratio and Its Changing Perception. Aesth Plast Surg 43, 420\u2013427 (2019).<br><br><\/p>\n\n                    <\/div>\r\n                <\/div>\r\n            <\/div>\r\n            <\/div><\/div><\/div><\/div><\/div>\n<\/div>\n\n      <div style=\"--_hfal-s-h-lg:var(--wp--preset--spacing--30);\" class=\"wp-block-habefast-spacer\"><\/div>\r\n      \n                    <\/div>\r\n                <\/div>\r\n            <\/div>\r\n            \n                    <\/div>\r\n                <\/div>\r\n            <\/div>\r\n            \n\n<div id='block_69f14743bb812' class='wp-block-optic-banner-wrap alignfull '>\n<div class=\"wp-block-optic-banner alignfull is-maxwidth-alignfull is-contentalign-center  is-constrains is-height-small is-shadow-height-inverse hf_animated fade_bottom default\" style=\"--mobilePosX:50%;--mobilePosY:50%\"><div class=\"wp-block-optic-banner-container\"><div class=\"wp-block-optic-banner-background\"><div class=\"wp-block-optic-image-selector  \"><img src=\"https:\/\/www.optic2000.ch\/wp-content\/uploads\/2025\/05\/optic2000-fournisseurs-rodenstock-ralentir-myopie.png\" alt=\"Optic2000 Fournisseurs Rodenstock Ralentir Myopie\" srcset=\"https:\/\/www.optic2000.ch\/wp-content\/uploads\/2025\/05\/optic2000-fournisseurs-rodenstock-ralentir-myopie-150x150.png 150w, https:\/\/www.optic2000.ch\/wp-content\/uploads\/2025\/05\/optic2000-fournisseurs-rodenstock-ralentir-myopie-300x162.png 300w, https:\/\/www.optic2000.ch\/wp-content\/uploads\/2025\/05\/optic2000-fournisseurs-rodenstock-ralentir-myopie-1024x554.png 640w, https:\/\/www.optic2000.ch\/wp-content\/uploads\/2025\/05\/optic2000-fournisseurs-rodenstock-ralentir-myopie.png 11284w\" sizes=\"(max-width: 150px) 150px, (max-width: 300px) 300px, (max-width: 640px) 640px, (max-width: 11284px) 11284px, 11284px\" loading=\"lazy\" class=\"wp-block-optic-image-selector-img  \" decoding=\"async\"\/><\/div><\/div><div class=\"wp-block-optic-banner-content\"><div class=\"wp-block-optic-banner-content-inner\"><div class=\"wp-block-optic-banner-content-inner-container\">\n<h2 class=\"wp-block-heading has-text-align-center has-theme-white-color has-text-color has-link-color wp-elements-9951b67dcc30b11276665cd6b806be4b\" style=\"padding-bottom:var(--wp--preset--spacing--10);font-style:normal;font-weight:500\">MyCon\u00ae Brillengl\u00e4ser korrigieren Kurzsichtigkeit, w\u00e4hrend sie gleichzeitig das L\u00e4ngenwachstum des Auges kontrollieren und damit das Fortschreiten der Kurzsichtigkeit verlangsamen k\u00f6nnen.<\/h2>\n<\/div><\/div><\/div><\/div><\/div>\n<\/div>\n\n      <div style=\"--_hfal-s-h-lg:var(--wp--preset--spacing--30);\" class=\"wp-block-habefast-spacer\"><\/div>\r\n      \n\n            <div class=\"wp-block-habefast-advanced-layout-group is-layout-constrained wp-block-habefast-advanced-layout-group-is-layout-constrained\">\r\n                <div class=\"wp-block-habefast-advanced-group-container is-style- is-layout-constrained\"  style='--_hfal-cg-d-lg:flex;--_hfal-cg-p-t-lg:0;--_hfal-cg-d-md:flex;--_hfal-cg-d-sm:flex;'>\r\n                                        <div class=\"wp-block-habefast-advanced-group-inner is-layout-flow\">\r\n                        \n            <div class=\"wp-block-habefast-advanced-layout-group is-layout-constrained wp-block-habefast-advanced-layout-group-is-layout-constrained\">\r\n                <div class=\"wp-block-habefast-advanced-group-container is-style- is-layout-constrained\"  style='--_hfal-cg-d-lg:flex;--_hfal-cg-p-t-lg:0;--_hfal-cg-p-r-lg:var(--wp--preset--spacing--10);--_hfal-cg-p-b-lg:0;--_hfal-cg-p-l-lg:var(--wp--preset--spacing--10);--_hfal-cg-d-md:flex;--_hfal-cg-d-sm:flex;--_hfal-cg-p-r-md:var(--wp--preset--spacing--10);--_hfal-cg-p-r-sm:var(--wp--preset--spacing--10);--_hfal-cg-p-l-md:var(--wp--preset--spacing--10);--_hfal-cg-p-l-sm:var(--wp--preset--spacing--10);'>\r\n                                        <div class=\"wp-block-habefast-advanced-group-inner is-layout-flow\">\r\n                        \n\n<h2 class=\"wp-block-heading has-text-align-center\"><strong>DER STANDARD IST NIEMALS PERFEKT<\/strong><\/h2>\n\n\n\n<p class=\"has-text-align-left\">Bei Standardberechnungen f\u00fcr Brillengl\u00e4ser zur Kontrolle von Kurzsichtigkeit werden individuelle Trageparameter in der Regel nicht ber\u00fccksichtigt. Dies kann sich auf Wirkung des Glases und den Sehkomfort auswirken.<\/p>\n\n\n      <div style=\"--_hfal-s-h-lg:var(--wp--preset--spacing--20);\" class=\"wp-block-habefast-spacer\"><\/div>\r\n      \n\n\n<p class=\"has-text-align-left\">MyCon\u00ae 2 Brillengl\u00e4ser sind individuell an den Sitz der Brillenfassung und damit an das einzigartige Gesicht des Kindes angepasst. Dieser Ansatz umfasst vier individuelle Trageparameter, wie den Pupillenabstand oder den Hornhautscheitelabstand, die helfen, die Gl\u00e4ser noch genauer anzupassen.<\/p>\n\n                    <\/div>\r\n                <\/div>\r\n            <\/div>\r\n            \n                    <\/div>\r\n                <\/div>\r\n            <\/div>\r\n            \n\n            <div class=\"wp-block-habefast-advanced-layout-group is-layout-constrained wp-block-habefast-advanced-layout-group-is-layout-constrained\">\r\n                <div class=\"wp-block-habefast-advanced-group-container is-style- is-layout-constrained\"  style='--_hfal-cg-d-lg:flex;--_hfal-cg-p-t-lg:0;--_hfal-cg-p-b-lg:0;--_hfal-cg-p-r-lg:var(--wp--preset--spacing--10);--_hfal-cg-p-l-lg:var(--wp--preset--spacing--10);--_hfal-cg-d-md:flex;--_hfal-cg-d-sm:flex;--_hfal-cg-p-r-md:var(--wp--preset--spacing--10);--_hfal-cg-p-r-sm:var(--wp--preset--spacing--10);--_hfal-cg-p-l-md:var(--wp--preset--spacing--10);--_hfal-cg-p-l-sm:var(--wp--preset--spacing--10);'>\r\n                                        <div class=\"wp-block-habefast-advanced-group-inner is-layout-flow\">\r\n                        \n      <div style=\"--_hfal-s-h-lg:var(--wp--preset--spacing--30);\" class=\"wp-block-habefast-spacer\"><\/div>\r\n      \n\n<div id='block_69f14743bbcb6' class='alignfull is-layout-constrained'>\n<div class=\"wp-block-optic-media-content alignwide\"><div class=\"is-layout-constrained\"><div class=\"wp-block-optic-media-content-row v-33-66 va-center  inverse-mobile\"><div class=\"wp-block-optic-media-content-background is-shadow-inner\"><div class=\"wp-block-optic-image-selector  \"><img src=\"https:\/\/www.optic2000.ch\/wp-content\/uploads\/2025\/05\/optic2000-fournisseurs-rodenstock-norme-jamais-parfaite-1.png\" alt=\"Optic2000 Fournisseurs Rodenstock Norme Jamais Parfaite 1\" srcset=\"https:\/\/www.optic2000.ch\/wp-content\/uploads\/2025\/05\/optic2000-fournisseurs-rodenstock-norme-jamais-parfaite-1-150x150.png 150w, https:\/\/www.optic2000.ch\/wp-content\/uploads\/2025\/05\/optic2000-fournisseurs-rodenstock-norme-jamais-parfaite-1-275x300.png 275w, https:\/\/www.optic2000.ch\/wp-content\/uploads\/2025\/05\/optic2000-fournisseurs-rodenstock-norme-jamais-parfaite-1-938x1024.png 640w, https:\/\/www.optic2000.ch\/wp-content\/uploads\/2025\/05\/optic2000-fournisseurs-rodenstock-norme-jamais-parfaite-1.png 5592w\" sizes=\"(max-width: 150px) 150px, (max-width: 275px) 275px, (max-width: 640px) 640px, (max-width: 5592px) 5592px, 5592px\" loading=\"lazy\" class=\"wp-block-optic-image-selector-img  \" decoding=\"async\"\/><\/div><\/div><div class=\"wp-block-optic-media-content-content\"><div>\n<h2 class=\"wp-block-heading has-text-align-center\">RODENSTOCK MYCON\u00ae 2 GL\u00c4SER DIENEN NICHT NUR DER KORREKTUR DER SEHSCH\u00c4RFE<\/h2>\n\n\n\n<p class=\"has-text-align-center\">Sie sind unsere Vision f\u00fcr den Schutz der Augengesundheit von Kindern f\u00fcr die Zukunft.<\/p>\n\n\n      <div style=\"--_hfal-s-h-lg:var(--wp--preset--spacing--30);\" class=\"wp-block-habefast-spacer\"><\/div>\r\n      \n\n\n<div class=\"wp-block-buttons is-content-justification-center is-layout-flex wp-container-core-buttons-is-layout-a89b3969 wp-block-buttons-is-layout-flex\">\n<div class=\"wp-block-button\"><a class=\"wp-block-button__link has-text-align-center wp-element-button\" href=\"https:\/\/www.optic2000.ch\/de\/katalog\/\">Kinder Katalog<\/a><\/div>\n<\/div>\n<\/div><\/div><\/div><\/div><\/div>\n<\/div>\n                    <\/div>\r\n                <\/div>\r\n            <\/div>\r\n            ","protected":false},"excerpt":{"rendered":"","protected":false},"author":3,"featured_media":0,"parent":0,"menu_order":0,"comment_status":"closed","ping_status":"closed","template":"","meta":{"_acf_changed":false,"_optic_post_header_transparent":true,"_optic_post_header_white_mobile":false,"_optic_post_header_transparent_black":false,"_optic_post_hide_rdv_button":false,"_optic_post_hide_footer_margintop":false,"_optic_post_is_audition":false,"_optic_post_is_concours_noel":false,"_optic_post_animate_menu_logo":false,"_optic_post_translations":[],"_optic_post_hide_bottom_mobile_fixed_btns":false,"_optic_post_title":"","_optic_post_description":"","footnotes":""},"optic_page_cat":[9290],"class_list":["post-49449","page","type-page","status-publish","hentry","optic_page_cat-fournisseurs"],"acf":[],"yoast_head":"<!-- This site is optimized with the Yoast SEO plugin v27.3 - https:\/\/yoast.com\/product\/yoast-seo-wordpress\/ -->\n<meta name=\"description\" content=\"MyCon\u00ae Brillengl\u00e4ser korrigieren Kurzsichtigkeit, w\u00e4hrend sie gleichzeitig das L\u00e4ngenwachstum des Auges kontrollieren und damit das Fortschreiten der Kurzsichtigkeit verlangsamen k\u00f6nnen.\" \/>\n<meta name=\"robots\" content=\"index, follow, max-snippet:-1, max-image-preview:large, max-video-preview:-1\" \/>\n<link rel=\"canonical\" href=\"https:\/\/www.optic2000.ch\/de\/rodenstock-mycon2\/\" \/>\n<meta property=\"og:locale\" content=\"de_DE\" \/>\n<meta property=\"og:type\" content=\"article\" \/>\n<meta property=\"og:title\" content=\"Rodenstock MYCON\u00ae 2 | Optic 2000\" \/>\n<meta property=\"og:description\" content=\"MyCon\u00ae Brillengl\u00e4ser korrigieren Kurzsichtigkeit, w\u00e4hrend sie gleichzeitig das L\u00e4ngenwachstum des Auges kontrollieren und damit das Fortschreiten der Kurzsichtigkeit verlangsamen k\u00f6nnen.\" \/>\n<meta property=\"og:url\" content=\"https:\/\/www.optic2000.ch\/de\/rodenstock-mycon2\/\" \/>\n<meta property=\"og:site_name\" content=\"Optic 2000\" \/>\n<meta property=\"article:modified_time\" content=\"2025-10-20T22:58:31+00:00\" \/>\n<meta property=\"og:image\" content=\"https:\/\/www.optic2000.ch\/wp-content\/uploads\/2025\/05\/optic2000-fournisseurs-rodenstock-bandeau-1-1.png\" \/>\n<meta name=\"twitter:card\" content=\"summary_large_image\" \/>\n<meta name=\"twitter:label1\" content=\"Gesch\u00e4tzte Lesezeit\" \/>\n\t<meta name=\"twitter:data1\" content=\"2\u00a0Minute\" \/>\n<script type=\"application\/ld+json\" class=\"yoast-schema-graph\">{\"@context\":\"https:\\\/\\\/schema.org\",\"@graph\":[{\"@type\":\"WebPage\",\"@id\":\"https:\\\/\\\/www.optic2000.ch\\\/de\\\/rodenstock-mycon2\\\/\",\"url\":\"https:\\\/\\\/www.optic2000.ch\\\/de\\\/rodenstock-mycon2\\\/\",\"name\":\"Rodenstock MYCON\u00ae 2 | Optic 2000\",\"isPartOf\":{\"@id\":\"https:\\\/\\\/www.optic2000.ch\\\/de\\\/#website\"},\"primaryImageOfPage\":{\"@id\":\"https:\\\/\\\/www.optic2000.ch\\\/de\\\/rodenstock-mycon2\\\/#primaryimage\"},\"image\":{\"@id\":\"https:\\\/\\\/www.optic2000.ch\\\/de\\\/rodenstock-mycon2\\\/#primaryimage\"},\"thumbnailUrl\":\"https:\\\/\\\/www.optic2000.ch\\\/wp-content\\\/uploads\\\/2025\\\/05\\\/optic2000-fournisseurs-rodenstock-bandeau-1-1.png\",\"datePublished\":\"2025-05-02T09:54:56+00:00\",\"dateModified\":\"2025-10-20T22:58:31+00:00\",\"description\":\"MyCon\u00ae Brillengl\u00e4ser korrigieren Kurzsichtigkeit, w\u00e4hrend sie gleichzeitig das L\u00e4ngenwachstum des Auges kontrollieren und damit das Fortschreiten der Kurzsichtigkeit verlangsamen k\u00f6nnen.\",\"breadcrumb\":{\"@id\":\"https:\\\/\\\/www.optic2000.ch\\\/de\\\/rodenstock-mycon2\\\/#breadcrumb\"},\"inLanguage\":\"de\",\"potentialAction\":[{\"@type\":\"ReadAction\",\"target\":[\"https:\\\/\\\/www.optic2000.ch\\\/de\\\/rodenstock-mycon2\\\/\"]}]},{\"@type\":\"ImageObject\",\"inLanguage\":\"de\",\"@id\":\"https:\\\/\\\/www.optic2000.ch\\\/de\\\/rodenstock-mycon2\\\/#primaryimage\",\"url\":\"https:\\\/\\\/www.optic2000.ch\\\/wp-content\\\/uploads\\\/2025\\\/05\\\/optic2000-fournisseurs-rodenstock-bandeau-1-1.png\",\"contentUrl\":\"https:\\\/\\\/www.optic2000.ch\\\/wp-content\\\/uploads\\\/2025\\\/05\\\/optic2000-fournisseurs-rodenstock-bandeau-1-1.png\"},{\"@type\":\"BreadcrumbList\",\"@id\":\"https:\\\/\\\/www.optic2000.ch\\\/de\\\/rodenstock-mycon2\\\/#breadcrumb\",\"itemListElement\":[{\"@type\":\"ListItem\",\"position\":1,\"name\":\"Accueil\",\"item\":\"https:\\\/\\\/www.optic2000.ch\\\/de\\\/\"},{\"@type\":\"ListItem\",\"position\":2,\"name\":\"\u00a0Fournisseurs-Rodenstock Myopie\"}]},{\"@type\":\"WebSite\",\"@id\":\"https:\\\/\\\/www.optic2000.ch\\\/de\\\/#website\",\"url\":\"https:\\\/\\\/www.optic2000.ch\\\/de\\\/\",\"name\":\"Optic 2000\",\"description\":\"\",\"potentialAction\":[{\"@type\":\"SearchAction\",\"target\":{\"@type\":\"EntryPoint\",\"urlTemplate\":\"https:\\\/\\\/www.optic2000.ch\\\/de\\\/?s={search_term_string}\"},\"query-input\":{\"@type\":\"PropertyValueSpecification\",\"valueRequired\":true,\"valueName\":\"search_term_string\"}}],\"inLanguage\":\"de\"}]}<\/script>\n<!-- \/ Yoast SEO plugin. -->","yoast_head_json":{"description":"MyCon\u00ae Brillengl\u00e4ser korrigieren Kurzsichtigkeit, w\u00e4hrend sie gleichzeitig das L\u00e4ngenwachstum des Auges kontrollieren und damit das Fortschreiten der Kurzsichtigkeit verlangsamen k\u00f6nnen.","robots":{"index":"index","follow":"follow","max-snippet":"max-snippet:-1","max-image-preview":"max-image-preview:large","max-video-preview":"max-video-preview:-1"},"canonical":"https:\/\/www.optic2000.ch\/de\/rodenstock-mycon2\/","og_locale":"de_DE","og_type":"article","og_title":"Rodenstock MYCON\u00ae 2 | Optic 2000","og_description":"MyCon\u00ae Brillengl\u00e4ser korrigieren Kurzsichtigkeit, w\u00e4hrend sie gleichzeitig das L\u00e4ngenwachstum des Auges kontrollieren und damit das Fortschreiten der Kurzsichtigkeit verlangsamen k\u00f6nnen.","og_url":"https:\/\/www.optic2000.ch\/de\/rodenstock-mycon2\/","og_site_name":"Optic 2000","article_modified_time":"2025-10-20T22:58:31+00:00","og_image":[{"url":"https:\/\/www.optic2000.ch\/wp-content\/uploads\/2025\/05\/optic2000-fournisseurs-rodenstock-bandeau-1-1.png","type":"","width":"","height":""}],"twitter_card":"summary_large_image","twitter_misc":{"Gesch\u00e4tzte Lesezeit":"2\u00a0Minute"},"schema":{"@context":"https:\/\/schema.org","@graph":[{"@type":"WebPage","@id":"https:\/\/www.optic2000.ch\/de\/rodenstock-mycon2\/","url":"https:\/\/www.optic2000.ch\/de\/rodenstock-mycon2\/","name":"Rodenstock MYCON\u00ae 2 | Optic 2000","isPartOf":{"@id":"https:\/\/www.optic2000.ch\/de\/#website"},"primaryImageOfPage":{"@id":"https:\/\/www.optic2000.ch\/de\/rodenstock-mycon2\/#primaryimage"},"image":{"@id":"https:\/\/www.optic2000.ch\/de\/rodenstock-mycon2\/#primaryimage"},"thumbnailUrl":"https:\/\/www.optic2000.ch\/wp-content\/uploads\/2025\/05\/optic2000-fournisseurs-rodenstock-bandeau-1-1.png","datePublished":"2025-05-02T09:54:56+00:00","dateModified":"2025-10-20T22:58:31+00:00","description":"MyCon\u00ae Brillengl\u00e4ser korrigieren Kurzsichtigkeit, w\u00e4hrend sie gleichzeitig das L\u00e4ngenwachstum des Auges kontrollieren und damit das Fortschreiten der Kurzsichtigkeit verlangsamen k\u00f6nnen.","breadcrumb":{"@id":"https:\/\/www.optic2000.ch\/de\/rodenstock-mycon2\/#breadcrumb"},"inLanguage":"de","potentialAction":[{"@type":"ReadAction","target":["https:\/\/www.optic2000.ch\/de\/rodenstock-mycon2\/"]}]},{"@type":"ImageObject","inLanguage":"de","@id":"https:\/\/www.optic2000.ch\/de\/rodenstock-mycon2\/#primaryimage","url":"https:\/\/www.optic2000.ch\/wp-content\/uploads\/2025\/05\/optic2000-fournisseurs-rodenstock-bandeau-1-1.png","contentUrl":"https:\/\/www.optic2000.ch\/wp-content\/uploads\/2025\/05\/optic2000-fournisseurs-rodenstock-bandeau-1-1.png"},{"@type":"BreadcrumbList","@id":"https:\/\/www.optic2000.ch\/de\/rodenstock-mycon2\/#breadcrumb","itemListElement":[{"@type":"ListItem","position":1,"name":"Accueil","item":"https:\/\/www.optic2000.ch\/de\/"},{"@type":"ListItem","position":2,"name":"\u00a0Fournisseurs-Rodenstock Myopie"}]},{"@type":"WebSite","@id":"https:\/\/www.optic2000.ch\/de\/#website","url":"https:\/\/www.optic2000.ch\/de\/","name":"Optic 2000","description":"","potentialAction":[{"@type":"SearchAction","target":{"@type":"EntryPoint","urlTemplate":"https:\/\/www.optic2000.ch\/de\/?s={search_term_string}"},"query-input":{"@type":"PropertyValueSpecification","valueRequired":true,"valueName":"search_term_string"}}],"inLanguage":"de"}]}},"_links":{"self":[{"href":"https:\/\/www.optic2000.ch\/de\/wp-json\/wp\/v2\/pages\/49449","targetHints":{"allow":["GET"]}}],"collection":[{"href":"https:\/\/www.optic2000.ch\/de\/wp-json\/wp\/v2\/pages"}],"about":[{"href":"https:\/\/www.optic2000.ch\/de\/wp-json\/wp\/v2\/types\/page"}],"author":[{"embeddable":true,"href":"https:\/\/www.optic2000.ch\/de\/wp-json\/wp\/v2\/users\/3"}],"replies":[{"embeddable":true,"href":"https:\/\/www.optic2000.ch\/de\/wp-json\/wp\/v2\/comments?post=49449"}],"version-history":[{"count":7,"href":"https:\/\/www.optic2000.ch\/de\/wp-json\/wp\/v2\/pages\/49449\/revisions"}],"predecessor-version":[{"id":57146,"href":"https:\/\/www.optic2000.ch\/de\/wp-json\/wp\/v2\/pages\/49449\/revisions\/57146"}],"wp:attachment":[{"href":"https:\/\/www.optic2000.ch\/de\/wp-json\/wp\/v2\/media?parent=49449"}],"wp:term":[{"taxonomy":"optic_page_cat","embeddable":true,"href":"https:\/\/www.optic2000.ch\/de\/wp-json\/wp\/v2\/optic_page_cat?post=49449"}],"curies":[{"name":"wp","href":"https:\/\/api.w.org\/{rel}","templated":true}]}}