{"id":52720,"date":"2025-09-11T09:35:42","date_gmt":"2025-09-11T07:35:42","guid":{"rendered":"https:\/\/www.optic2000.ch\/?page_id=52720"},"modified":"2025-09-11T09:47:13","modified_gmt":"2025-09-11T07:47:13","slug":"partnerschaft","status":"publish","type":"page","link":"https:\/\/www.optic2000.ch\/de\/partnerschaft\/","title":{"rendered":"Partenaire visana"},"content":{"rendered":"<div id='block_69f148cdcf570' class='wp-block-optic-banner-wrap alignfull '>\n<div class=\"wp-block-optic-banner alignfull is-maxwidth-alignfull is-contentalign-bottom  is-constrains is-height-normal is-shadow-height-inverse is-overlaidonmenu\" style=\"--mobilePosX:50%;--mobilePosY:50%\"><div class=\"wp-block-optic-banner-container\"><div class=\"wp-block-optic-banner-background\"><div class=\"wp-block-optic-image-selector  \"><img src=\"https:\/\/www.optic2000.ch\/wp-content\/uploads\/2024\/12\/optic-2000-pages-legales-nlpd-bandeau-scaled.jpg\" alt=\"Optic 2000 Pages L\u00e9gales Nlpd Bandeau\" srcset=\"https:\/\/www.optic2000.ch\/wp-content\/uploads\/2024\/12\/optic-2000-pages-legales-nlpd-bandeau-150x150.jpg 150w, https:\/\/www.optic2000.ch\/wp-content\/uploads\/2024\/12\/optic-2000-pages-legales-nlpd-bandeau-300x98.jpg 300w, https:\/\/www.optic2000.ch\/wp-content\/uploads\/2024\/12\/optic-2000-pages-legales-nlpd-bandeau-1024x336.jpg 640w, https:\/\/www.optic2000.ch\/wp-content\/uploads\/2024\/12\/optic-2000-pages-legales-nlpd-bandeau-scaled.jpg 2560w\" sizes=\"(max-width: 150px) 150px, (max-width: 300px) 300px, (max-width: 640px) 640px, (max-width: 2560px) 2560px, 2560px\" loading=\"eager\" class=\"wp-block-optic-image-selector-img  \" decoding=\"async\"\/><\/div><\/div><div class=\"wp-block-optic-banner-content\"><div class=\"wp-block-optic-banner-content-inner\"><div class=\"wp-block-optic-banner-content-inner-container\">\n<h1 class=\"wp-block-heading has-text-align-center has-theme-white-color has-text-color has-link-color has-large-font-size wp-elements-7870a1c25db70aedf52379e713f627cc\" style=\"text-transform:uppercase\"><strong>Partnerschaften<\/strong><\/h1>\n<\/div><\/div><\/div><\/div><\/div>\n<\/div>\n\n            <div class=\"hf_animated fade_bottom none default wp-block-habefast-advanced-layout-group is-layout-constrained wp-block-habefast-advanced-layout-group-is-layout-constrained\">\r\n                <div class=\"wp-block-habefast-advanced-group-container is-style- is-layout-constrained\"  style='--_hfal-cg-d-lg:flex;--_hfal-cg-d-md:flex;--_hfal-cg-d-sm:flex;'>\r\n                                        <div class=\"wp-block-habefast-advanced-group-inner is-layout-flow\">\r\n                        \n      <div style=\"--_hfal-s-h-lg:var(--wp--preset--spacing--50);\" class=\"wp-block-habefast-spacer\"><\/div>\r\n      \n\n\n<h1 class=\"wp-block-heading has-large-font-size\" style=\"padding-bottom:var(--wp--preset--spacing--20)\">Profitieren Sie von g\u00fcnstigen Preisen dank unserer Partnerschaft mit Visana<\/h1>\n\n                    <\/div>\r\n                <\/div>\r\n            <\/div>\r\n            \n\n            <div class=\"hf_animated fade_bottom none default wp-block-habefast-advanced-layout-group is-layout-constrained wp-block-habefast-advanced-layout-group-is-layout-constrained\">\r\n                <div class=\"wp-block-habefast-advanced-group-container is-style- is-layout-constrained\"  style='--_hfal-cg-d-lg:flex;--_hfal-cg-p-t-lg:var(--wp--preset--spacing--20);--_hfal-cg-d-md:flex;--_hfal-cg-d-sm:flex;--_hfal-cg-p-t-md:var(--wp--preset--spacing--20);--_hfal-cg-p-t-sm:var(--wp--preset--spacing--20);'>\r\n                                        <div class=\"wp-block-habefast-advanced-group-inner is-layout-flow\">\r\n                        \n\n<h2 class=\"wp-block-heading has-normal-font-size\" style=\"padding-bottom:0\">Leistungen f\u00fcr ein perfektes Sehverm\u00f6gen<\/h2>\n\n\n\n<p class=\"\">Als Erg\u00e4nzung zu den Partnerschaftsleistungen von Optic 2000 erhalten Sie Zusch\u00fcsse von bis zu CHF 250.- pro Jahr f\u00fcr Brillengl\u00e4ser und Kontaktlinsen.<\/p>\n\n                    <\/div>\r\n                <\/div>\r\n            <\/div>\r\n            \n\n            <div class=\"hf_animated fade_bottom none default wp-block-habefast-advanced-layout-group is-layout-constrained wp-block-habefast-advanced-layout-group-is-layout-constrained\">\r\n                <div class=\"wp-block-habefast-advanced-group-container is-style- is-layout-constrained\"  style='--_hfal-cg-d-lg:flex;--_hfal-cg-p-t-lg:var(--wp--preset--spacing--20);--_hfal-cg-d-md:flex;--_hfal-cg-d-sm:flex;--_hfal-cg-p-t-md:var(--wp--preset--spacing--20);--_hfal-cg-p-t-sm:var(--wp--preset--spacing--20);'>\r\n                                        <div class=\"wp-block-habefast-advanced-group-inner is-layout-flow\">\r\n                        \n\n<h2 class=\"wp-block-heading has-normal-font-size\" style=\"padding-bottom:0\">Ein sicherer Schutz<\/h2>\n\n\n\n<p class=\"\">Die Versicherung Ambulante Behandlungen deckt Leistungen wie Kontroll- und Vorsorgeuntersuchungen, nicht krankenkassenpflichtige Medikamente, Zahnstellungskorrekturen und Impfungen.<\/p>\n\n                    <\/div>\r\n                <\/div>\r\n            <\/div>\r\n            \n\n            <div class=\"hf_animated fade_bottom none default wp-block-habefast-advanced-layout-group is-layout-constrained wp-block-habefast-advanced-layout-group-is-layout-constrained\">\r\n                <div class=\"wp-block-habefast-advanced-group-container is-style- is-layout-constrained\"  style='--_hfal-cg-d-lg:flex;--_hfal-cg-p-t-lg:var(--wp--preset--spacing--20);--_hfal-cg-d-md:flex;--_hfal-cg-d-sm:flex;--_hfal-cg-p-t-md:var(--wp--preset--spacing--20);--_hfal-cg-p-t-sm:var(--wp--preset--spacing--20);'>\r\n                                        <div class=\"wp-block-habefast-advanced-group-inner is-layout-flow\">\r\n                        \n\n<h2 class=\"wp-block-heading has-normal-font-size\" style=\"padding-bottom:0\">Beitr\u00e4ge zur Gesundheitsf\u00f6rderung<\/h2>\n\n\n\n<p class=\"\">Mit den Wellness- und Fitness-Schecks tut Visana etwas f\u00fcr Ihre Gesundheit und schenkt Ihnen bis zu CHF 350.- pro Jahr.<\/p>\n\n                    <\/div>\r\n                <\/div>\r\n            <\/div>\r\n            \n\n            <div class=\"hf_animated fade_bottom none default wp-block-habefast-advanced-layout-group is-layout-constrained wp-block-habefast-advanced-layout-group-is-layout-constrained\">\r\n                <div class=\"wp-block-habefast-advanced-group-container is-style- is-layout-constrained\"  style='--_hfal-cg-d-lg:flex;--_hfal-cg-p-t-lg:var(--wp--preset--spacing--20);--_hfal-cg-d-md:flex;--_hfal-cg-d-sm:flex;--_hfal-cg-p-t-md:var(--wp--preset--spacing--20);--_hfal-cg-p-t-sm:var(--wp--preset--spacing--20);'>\r\n                                        <div class=\"wp-block-habefast-advanced-group-inner is-layout-flow\">\r\n                        \n\n<h2 class=\"wp-block-heading has-normal-font-size\" style=\"padding-bottom:0\">Vacanza, f\u00fcr sorgenfreies Reisen<\/h2>\n\n\n\n<p class=\"\">Die Reiseversicherung Vacanza ist im Produkt Ambulante Behandlungen enthalten und garantiert Ihnen w\u00e4hrend Ihrer Reisen und Auslandsaufenthalte von bis zu acht Wochen rund um die Uhr sofortige Hilfe.<\/p>\n\n                    <\/div>\r\n                <\/div>\r\n            <\/div>\r\n            \n\n            <div class=\"hf_animated fade_bottom none default wp-block-habefast-advanced-layout-group is-layout-constrained wp-block-habefast-advanced-layout-group-is-layout-constrained\">\r\n                <div class=\"wp-block-habefast-advanced-group-container is-style- is-layout-constrained\"  style='--_hfal-cg-d-lg:flex;--_hfal-cg-p-t-lg:var(--wp--preset--spacing--20);--_hfal-cg-d-md:flex;--_hfal-cg-d-sm:flex;--_hfal-cg-p-t-md:var(--wp--preset--spacing--20);--_hfal-cg-p-t-sm:var(--wp--preset--spacing--20);'>\r\n                                        <div class=\"wp-block-habefast-advanced-group-inner is-layout-flow\">\r\n                        \n\n<h2 class=\"wp-block-heading has-normal-font-size\" style=\"padding-bottom:0\">Vorteile f\u00fcr die ganze Familie<\/h2>\n\n\n\n<p class=\"\">Das zweite und jedes weitere Kind erh\u00e4lt bis zum Alter von 18 Jahren einen Rabatt von 50% auf die wichtigsten Zusatzversicherungen (Ambulante Behandlungen, Komplement\u00e4rmedizin, Spital, Basic und Zahnpflege).<br>Lassen Sie sich bei Visana beraten.<\/p>\n\n                    <\/div>\r\n                <\/div>\r\n            <\/div>\r\n            ","protected":false},"excerpt":{"rendered":"","protected":false},"author":3,"featured_media":0,"parent":0,"menu_order":0,"comment_status":"closed","ping_status":"closed","template":"","meta":{"_acf_changed":false,"_optic_post_header_transparent":true,"_optic_post_header_white_mobile":false,"_optic_post_header_transparent_black":false,"_optic_post_hide_rdv_button":false,"_optic_post_hide_footer_margintop":false,"_optic_post_is_audition":false,"_optic_post_is_concours_noel":false,"_optic_post_animate_menu_logo":false,"_optic_post_translations":[],"_optic_post_hide_bottom_mobile_fixed_btns":false,"_optic_post_title":"","_optic_post_description":"","footnotes":""},"optic_page_cat":[],"class_list":["post-52720","page","type-page","status-publish","hentry"],"acf":[],"yoast_head":"<!-- This site is optimized with the Yoast SEO plugin v27.3 - https:\/\/yoast.com\/product\/yoast-seo-wordpress\/ -->\n<meta name=\"description\" content=\"Entdecken Sie unsere Partnerschaft mit Visana und profitieren Sie von vorteilhaften Preisen. Beitr\u00e4ge von bis zu 250 Franken pro Jahr f\u00fcr Brillengl\u00e4ser und Kontaktlinsen.\" \/>\n<meta name=\"robots\" content=\"index, follow, max-snippet:-1, max-image-preview:large, max-video-preview:-1\" \/>\n<link rel=\"canonical\" href=\"https:\/\/www.optic2000.ch\/de\/partnerschaft\/\" \/>\n<meta property=\"og:locale\" content=\"de_DE\" \/>\n<meta property=\"og:type\" content=\"article\" \/>\n<meta property=\"og:title\" content=\"Partnerschaften| Optic 2000\" \/>\n<meta property=\"og:description\" content=\"Entdecken Sie unsere Partnerschaft mit Visana und profitieren Sie von vorteilhaften Preisen. Beitr\u00e4ge von bis zu 250 Franken pro Jahr f\u00fcr Brillengl\u00e4ser und Kontaktlinsen.\" \/>\n<meta property=\"og:url\" content=\"https:\/\/www.optic2000.ch\/de\/partnerschaft\/\" \/>\n<meta property=\"og:site_name\" content=\"Optic 2000\" \/>\n<meta property=\"article:modified_time\" content=\"2025-09-11T07:47:13+00:00\" \/>\n<meta property=\"og:image\" content=\"https:\/\/www.optic2000.ch\/wp-content\/uploads\/2024\/12\/optic-2000-pages-legales-nlpd-bandeau-scaled.jpg\" \/>\n<meta name=\"twitter:card\" content=\"summary_large_image\" \/>\n<meta name=\"twitter:label1\" content=\"Gesch\u00e4tzte Lesezeit\" \/>\n\t<meta name=\"twitter:data1\" content=\"1\u00a0Minute\" \/>\n<script type=\"application\/ld+json\" class=\"yoast-schema-graph\">{\"@context\":\"https:\\\/\\\/schema.org\",\"@graph\":[{\"@type\":\"WebPage\",\"@id\":\"https:\\\/\\\/www.optic2000.ch\\\/de\\\/partnerschaft\\\/\",\"url\":\"https:\\\/\\\/www.optic2000.ch\\\/de\\\/partnerschaft\\\/\",\"name\":\"Partnerschaften| Optic 2000\",\"isPartOf\":{\"@id\":\"https:\\\/\\\/www.optic2000.ch\\\/de\\\/#website\"},\"primaryImageOfPage\":{\"@id\":\"https:\\\/\\\/www.optic2000.ch\\\/de\\\/partnerschaft\\\/#primaryimage\"},\"image\":{\"@id\":\"https:\\\/\\\/www.optic2000.ch\\\/de\\\/partnerschaft\\\/#primaryimage\"},\"thumbnailUrl\":\"https:\\\/\\\/www.optic2000.ch\\\/wp-content\\\/uploads\\\/2024\\\/12\\\/optic-2000-pages-legales-nlpd-bandeau-scaled.jpg\",\"datePublished\":\"2025-09-11T07:35:42+00:00\",\"dateModified\":\"2025-09-11T07:47:13+00:00\",\"description\":\"Entdecken Sie unsere Partnerschaft mit Visana und profitieren Sie von vorteilhaften Preisen. Beitr\u00e4ge von bis zu 250 Franken pro Jahr f\u00fcr Brillengl\u00e4ser und Kontaktlinsen.\",\"breadcrumb\":{\"@id\":\"https:\\\/\\\/www.optic2000.ch\\\/de\\\/partnerschaft\\\/#breadcrumb\"},\"inLanguage\":\"de\",\"potentialAction\":[{\"@type\":\"ReadAction\",\"target\":[\"https:\\\/\\\/www.optic2000.ch\\\/de\\\/partnerschaft\\\/\"]}]},{\"@type\":\"ImageObject\",\"inLanguage\":\"de\",\"@id\":\"https:\\\/\\\/www.optic2000.ch\\\/de\\\/partnerschaft\\\/#primaryimage\",\"url\":\"https:\\\/\\\/www.optic2000.ch\\\/wp-content\\\/uploads\\\/2024\\\/12\\\/optic-2000-pages-legales-nlpd-bandeau-scaled.jpg\",\"contentUrl\":\"https:\\\/\\\/www.optic2000.ch\\\/wp-content\\\/uploads\\\/2024\\\/12\\\/optic-2000-pages-legales-nlpd-bandeau-scaled.jpg\"},{\"@type\":\"BreadcrumbList\",\"@id\":\"https:\\\/\\\/www.optic2000.ch\\\/de\\\/partnerschaft\\\/#breadcrumb\",\"itemListElement\":[{\"@type\":\"ListItem\",\"position\":1,\"name\":\"Accueil\",\"item\":\"https:\\\/\\\/www.optic2000.ch\\\/de\\\/\"},{\"@type\":\"ListItem\",\"position\":2,\"name\":\"Partenaire visana\"}]},{\"@type\":\"WebSite\",\"@id\":\"https:\\\/\\\/www.optic2000.ch\\\/de\\\/#website\",\"url\":\"https:\\\/\\\/www.optic2000.ch\\\/de\\\/\",\"name\":\"Optic 2000\",\"description\":\"\",\"potentialAction\":[{\"@type\":\"SearchAction\",\"target\":{\"@type\":\"EntryPoint\",\"urlTemplate\":\"https:\\\/\\\/www.optic2000.ch\\\/de\\\/?s={search_term_string}\"},\"query-input\":{\"@type\":\"PropertyValueSpecification\",\"valueRequired\":true,\"valueName\":\"search_term_string\"}}],\"inLanguage\":\"de\"}]}<\/script>\n<!-- \/ Yoast SEO plugin. -->","yoast_head_json":{"description":"Entdecken Sie unsere Partnerschaft mit Visana und profitieren Sie von vorteilhaften Preisen. Beitr\u00e4ge von bis zu 250 Franken pro Jahr f\u00fcr Brillengl\u00e4ser und Kontaktlinsen.","robots":{"index":"index","follow":"follow","max-snippet":"max-snippet:-1","max-image-preview":"max-image-preview:large","max-video-preview":"max-video-preview:-1"},"canonical":"https:\/\/www.optic2000.ch\/de\/partnerschaft\/","og_locale":"de_DE","og_type":"article","og_title":"Partnerschaften| Optic 2000","og_description":"Entdecken Sie unsere Partnerschaft mit Visana und profitieren Sie von vorteilhaften Preisen. Beitr\u00e4ge von bis zu 250 Franken pro Jahr f\u00fcr Brillengl\u00e4ser und Kontaktlinsen.","og_url":"https:\/\/www.optic2000.ch\/de\/partnerschaft\/","og_site_name":"Optic 2000","article_modified_time":"2025-09-11T07:47:13+00:00","og_image":[{"url":"https:\/\/www.optic2000.ch\/wp-content\/uploads\/2024\/12\/optic-2000-pages-legales-nlpd-bandeau-scaled.jpg","type":"","width":"","height":""}],"twitter_card":"summary_large_image","twitter_misc":{"Gesch\u00e4tzte Lesezeit":"1\u00a0Minute"},"schema":{"@context":"https:\/\/schema.org","@graph":[{"@type":"WebPage","@id":"https:\/\/www.optic2000.ch\/de\/partnerschaft\/","url":"https:\/\/www.optic2000.ch\/de\/partnerschaft\/","name":"Partnerschaften| Optic 2000","isPartOf":{"@id":"https:\/\/www.optic2000.ch\/de\/#website"},"primaryImageOfPage":{"@id":"https:\/\/www.optic2000.ch\/de\/partnerschaft\/#primaryimage"},"image":{"@id":"https:\/\/www.optic2000.ch\/de\/partnerschaft\/#primaryimage"},"thumbnailUrl":"https:\/\/www.optic2000.ch\/wp-content\/uploads\/2024\/12\/optic-2000-pages-legales-nlpd-bandeau-scaled.jpg","datePublished":"2025-09-11T07:35:42+00:00","dateModified":"2025-09-11T07:47:13+00:00","description":"Entdecken Sie unsere Partnerschaft mit Visana und profitieren Sie von vorteilhaften Preisen. Beitr\u00e4ge von bis zu 250 Franken pro Jahr f\u00fcr Brillengl\u00e4ser und Kontaktlinsen.","breadcrumb":{"@id":"https:\/\/www.optic2000.ch\/de\/partnerschaft\/#breadcrumb"},"inLanguage":"de","potentialAction":[{"@type":"ReadAction","target":["https:\/\/www.optic2000.ch\/de\/partnerschaft\/"]}]},{"@type":"ImageObject","inLanguage":"de","@id":"https:\/\/www.optic2000.ch\/de\/partnerschaft\/#primaryimage","url":"https:\/\/www.optic2000.ch\/wp-content\/uploads\/2024\/12\/optic-2000-pages-legales-nlpd-bandeau-scaled.jpg","contentUrl":"https:\/\/www.optic2000.ch\/wp-content\/uploads\/2024\/12\/optic-2000-pages-legales-nlpd-bandeau-scaled.jpg"},{"@type":"BreadcrumbList","@id":"https:\/\/www.optic2000.ch\/de\/partnerschaft\/#breadcrumb","itemListElement":[{"@type":"ListItem","position":1,"name":"Accueil","item":"https:\/\/www.optic2000.ch\/de\/"},{"@type":"ListItem","position":2,"name":"Partenaire visana"}]},{"@type":"WebSite","@id":"https:\/\/www.optic2000.ch\/de\/#website","url":"https:\/\/www.optic2000.ch\/de\/","name":"Optic 2000","description":"","potentialAction":[{"@type":"SearchAction","target":{"@type":"EntryPoint","urlTemplate":"https:\/\/www.optic2000.ch\/de\/?s={search_term_string}"},"query-input":{"@type":"PropertyValueSpecification","valueRequired":true,"valueName":"search_term_string"}}],"inLanguage":"de"}]}},"_links":{"self":[{"href":"https:\/\/www.optic2000.ch\/de\/wp-json\/wp\/v2\/pages\/52720","targetHints":{"allow":["GET"]}}],"collection":[{"href":"https:\/\/www.optic2000.ch\/de\/wp-json\/wp\/v2\/pages"}],"about":[{"href":"https:\/\/www.optic2000.ch\/de\/wp-json\/wp\/v2\/types\/page"}],"author":[{"embeddable":true,"href":"https:\/\/www.optic2000.ch\/de\/wp-json\/wp\/v2\/users\/3"}],"replies":[{"embeddable":true,"href":"https:\/\/www.optic2000.ch\/de\/wp-json\/wp\/v2\/comments?post=52720"}],"version-history":[{"count":7,"href":"https:\/\/www.optic2000.ch\/de\/wp-json\/wp\/v2\/pages\/52720\/revisions"}],"predecessor-version":[{"id":52730,"href":"https:\/\/www.optic2000.ch\/de\/wp-json\/wp\/v2\/pages\/52720\/revisions\/52730"}],"wp:attachment":[{"href":"https:\/\/www.optic2000.ch\/de\/wp-json\/wp\/v2\/media?parent=52720"}],"wp:term":[{"taxonomy":"optic_page_cat","embeddable":true,"href":"https:\/\/www.optic2000.ch\/de\/wp-json\/wp\/v2\/optic_page_cat?post=52720"}],"curies":[{"name":"wp","href":"https:\/\/api.w.org\/{rel}","templated":true}]}}